{"id":24,"date":"2020-04-29T09:55:13","date_gmt":"2020-04-29T09:55:13","guid":{"rendered":"https:\/\/www.vs-waldthurn.de\/home\/?page_id=24"},"modified":"2026-04-23T06:07:47","modified_gmt":"2026-04-23T06:07:47","slug":"aktuelles","status":"publish","type":"page","link":"https:\/\/www.vs-waldthurn.de\/home\/aktuelles","title":{"rendered":"Aktuelles"},"content":{"rendered":"<div data-label=\"Gallery\" data-id=\"gallery--23\" data-export-id=\"gallery-1\" data-category=\"gallery\" class=\"gallery-1 content-section content-section-spacing\" id=\"gallery-23\"  style=\"background-color: rgb(245, 250, 253);\"><div class=\"gridContainer\" > <div class=\"row\" ><div class=\"section-title-col\" data-type=\"column\" >  <\/div> <\/div> <div class=\"row text-center\" > <div class=\"col-xs-12\" data-editable=\"true\" data-content-shortcode=\"mesmerize_gallery id=&quot;mesmerize-gallery-1&quot; columns=&quot;3&quot; ids=&quot;1732,1733,1734&quot; lb=&quot;1&quot; masonry=&quot;1&quot; size=&quot;large&quot; link=&quot;file&quot; \" ><div id='mesmerize-gallery-1' class='gallery-wrapper'><style type=\"text\/css\">\n                    @media only screen and (min-width: 768px) {\n                    [data-unique-id='mesmerize-gallery-1-69f4633e63ec8'] dl {\n                        float: left;\n                        width: 33.333333333333% !important;\n                        max-width:  33.333333333333% !important;\n                        min-width:  33.333333333333% !important;\n                    }\n\n                    [data-unique-id='mesmerize-gallery-1-69f4633e63ec8'] dl:nth-of-type(3n +1 ) {\n                      clear: both;\n                      }\n                    }\n                <\/style><div id='mesmerize-gallery-1' class='mesmerize-gallery-1-dls-wrapper gallery-items-wrapper materialis-gallery' data-unique-id='mesmerize-gallery-1-69f4633e63ec8'><dl class='gallery-item'>\n\t\t\t<dt class='gallery-icon portrait'>\n\t\t\t\t<a data-fancybox=\"mesmerize-gallery-1-group\" href='https:\/\/www.vs-waldthurn.de\/wp-content\/uploads\/2026\/04\/JB-26-A-little-teapot-3_2026.jpg'><img loading=\"lazy\" decoding=\"async\"  width=\"724\" height=\"1024\" src=\"https:\/\/www.vs-waldthurn.de\/wp-content\/uploads\/2026\/04\/JB-26-A-little-teapot-3_2026-724x1024.jpg\"  class='mesmerize-gallery-1-image' alt=\"\" srcset=\"https:\/\/www.vs-waldthurn.de\/wp-content\/uploads\/2026\/04\/JB-26-A-little-teapot-3_2026-724x1024.jpg 724w, https:\/\/www.vs-waldthurn.de\/wp-content\/uploads\/2026\/04\/JB-26-A-little-teapot-3_2026-212x300.jpg 212w, https:\/\/www.vs-waldthurn.de\/wp-content\/uploads\/2026\/04\/JB-26-A-little-teapot-3_2026-768x1086.jpg 768w, https:\/\/www.vs-waldthurn.de\/wp-content\/uploads\/2026\/04\/JB-26-A-little-teapot-3_2026-1086x1536.jpg 1086w, https:\/\/www.vs-waldthurn.de\/wp-content\/uploads\/2026\/04\/JB-26-A-little-teapot-3_2026-1024x1448.jpg 1024w, https:\/\/www.vs-waldthurn.de\/wp-content\/uploads\/2026\/04\/JB-26-A-little-teapot-3_2026-764x1080.jpg 764w, https:\/\/www.vs-waldthurn.de\/wp-content\/uploads\/2026\/04\/JB-26-A-little-teapot-3_2026.jpg 1190w\" sizes=\"auto, (max-width: 724px) 100vw, 724px\" \/><\/a>\n\t\t\t<\/dt><\/dl><dl class='gallery-item'>\n\t\t\t<dt class='gallery-icon portrait'>\n\t\t\t\t<a data-fancybox=\"mesmerize-gallery-1-group\" href='https:\/\/www.vs-waldthurn.de\/wp-content\/uploads\/2026\/04\/JB-2026-Leseraupe-Regibert-3_2026.jpg'><img loading=\"lazy\" decoding=\"async\"  width=\"724\" height=\"1024\" src=\"https:\/\/www.vs-waldthurn.de\/wp-content\/uploads\/2026\/04\/JB-2026-Leseraupe-Regibert-3_2026-724x1024.jpg\"  class='mesmerize-gallery-1-image' alt=\"\" srcset=\"https:\/\/www.vs-waldthurn.de\/wp-content\/uploads\/2026\/04\/JB-2026-Leseraupe-Regibert-3_2026-724x1024.jpg 724w, https:\/\/www.vs-waldthurn.de\/wp-content\/uploads\/2026\/04\/JB-2026-Leseraupe-Regibert-3_2026-212x300.jpg 212w, https:\/\/www.vs-waldthurn.de\/wp-content\/uploads\/2026\/04\/JB-2026-Leseraupe-Regibert-3_2026-768x1086.jpg 768w, https:\/\/www.vs-waldthurn.de\/wp-content\/uploads\/2026\/04\/JB-2026-Leseraupe-Regibert-3_2026-1086x1536.jpg 1086w, https:\/\/www.vs-waldthurn.de\/wp-content\/uploads\/2026\/04\/JB-2026-Leseraupe-Regibert-3_2026-1024x1448.jpg 1024w, https:\/\/www.vs-waldthurn.de\/wp-content\/uploads\/2026\/04\/JB-2026-Leseraupe-Regibert-3_2026-764x1080.jpg 764w, https:\/\/www.vs-waldthurn.de\/wp-content\/uploads\/2026\/04\/JB-2026-Leseraupe-Regibert-3_2026.jpg 1190w\" sizes=\"auto, (max-width: 724px) 100vw, 724px\" \/><\/a>\n\t\t\t<\/dt><\/dl><dl class='gallery-item'>\n\t\t\t<dt class='gallery-icon portrait'>\n\t\t\t\t<a data-fancybox=\"mesmerize-gallery-1-group\" href='https:\/\/www.vs-waldthurn.de\/wp-content\/uploads\/2026\/04\/JB-2026-Osterhasen-und-Laemmer-3_26.jpg'><img loading=\"lazy\" decoding=\"async\"  width=\"724\" height=\"1024\" src=\"https:\/\/www.vs-waldthurn.de\/wp-content\/uploads\/2026\/04\/JB-2026-Osterhasen-und-Laemmer-3_26-724x1024.jpg\"  class='mesmerize-gallery-1-image' alt=\"\" srcset=\"https:\/\/www.vs-waldthurn.de\/wp-content\/uploads\/2026\/04\/JB-2026-Osterhasen-und-Laemmer-3_26-724x1024.jpg 724w, https:\/\/www.vs-waldthurn.de\/wp-content\/uploads\/2026\/04\/JB-2026-Osterhasen-und-Laemmer-3_26-212x300.jpg 212w, https:\/\/www.vs-waldthurn.de\/wp-content\/uploads\/2026\/04\/JB-2026-Osterhasen-und-Laemmer-3_26-768x1086.jpg 768w, https:\/\/www.vs-waldthurn.de\/wp-content\/uploads\/2026\/04\/JB-2026-Osterhasen-und-Laemmer-3_26-1086x1536.jpg 1086w, https:\/\/www.vs-waldthurn.de\/wp-content\/uploads\/2026\/04\/JB-2026-Osterhasen-und-Laemmer-3_26-1024x1448.jpg 1024w, https:\/\/www.vs-waldthurn.de\/wp-content\/uploads\/2026\/04\/JB-2026-Osterhasen-und-Laemmer-3_26-764x1080.jpg 764w, https:\/\/www.vs-waldthurn.de\/wp-content\/uploads\/2026\/04\/JB-2026-Osterhasen-und-Laemmer-3_26.jpg 1190w\" sizes=\"auto, (max-width: 724px) 100vw, 724px\" \/><\/a>\n\t\t\t<\/dt><\/dl>\n\t\t<\/div>\n<script>(function($){window.MaterialisCaptionsGallery && window.MaterialisCaptionsGallery($('[data-unique-id=\"mesmerize-gallery-1-69f4633e63ec8\"]'))})(jQuery)<\/script><\/div><\/div><\/div> <\/div><\/div><div  data-label=\"Gallery\" data-id=\"gallery--22\" data-export-id=\"gallery-1\" data-category=\"gallery\" class=\"gallery-1 content-section content-section-spacing\" id=\"gallery-22\" style=\"background-color: rgb(245, 250, 253);\"><div  class=\"gridContainer\"> <div  class=\"row\"><div  class=\"section-title-col\" data-type=\"column\"> <h2  class=\"\" data-qb-tmp-id=\"lt-472545\" data-gramm=\"false\">Schuleinschreibung GS Waldthurn<\/h2> <\/div> <\/div> <div  class=\"row text-center\"> <div  class=\"col-xs-12\" data-editable=\"true\" data-content-shortcode=\"mesmerize_gallery id=&quot;mesmerize-gallery-1&quot; columns=&quot;3&quot; ids=&quot;1710,1711,1712,1714,1715,1716,1717,1718&quot; lb=&quot;1&quot; masonry=&quot;1&quot; size=&quot;large&quot; link=&quot;file&quot; \"><div id='mesmerize-gallery-1' class='gallery-wrapper'><style type=\"text\/css\">\n                    @media only screen and (min-width: 768px) {\n                    [data-unique-id='mesmerize-gallery-1-69f4633e648c5'] dl {\n                        float: left;\n                        width: 33.333333333333% !important;\n                        max-width:  33.333333333333% !important;\n                        min-width:  33.333333333333% !important;\n                    }\n\n                    [data-unique-id='mesmerize-gallery-1-69f4633e648c5'] dl:nth-of-type(3n +1 ) {\n                      clear: both;\n                      }\n                    }\n                <\/style><div id='mesmerize-gallery-1' class='mesmerize-gallery-1-dls-wrapper gallery-items-wrapper materialis-gallery' data-unique-id='mesmerize-gallery-1-69f4633e648c5'><dl class='gallery-item'>\n\t\t\t<dt class='gallery-icon portrait'>\n\t\t\t\t<a data-fancybox=\"mesmerize-gallery-1-group\" href='https:\/\/www.vs-waldthurn.de\/wp-content\/uploads\/2026\/03\/JB-2026-Schuleinschreibung-3_2026-scaled.jpg'><img loading=\"lazy\" decoding=\"async\"  width=\"724\" height=\"1024\" src=\"https:\/\/www.vs-waldthurn.de\/wp-content\/uploads\/2026\/03\/JB-2026-Schuleinschreibung-3_2026-724x1024.jpg\"  class='mesmerize-gallery-1-image' alt=\"\" srcset=\"https:\/\/www.vs-waldthurn.de\/wp-content\/uploads\/2026\/03\/JB-2026-Schuleinschreibung-3_2026-724x1024.jpg 724w, https:\/\/www.vs-waldthurn.de\/wp-content\/uploads\/2026\/03\/JB-2026-Schuleinschreibung-3_2026-212x300.jpg 212w, https:\/\/www.vs-waldthurn.de\/wp-content\/uploads\/2026\/03\/JB-2026-Schuleinschreibung-3_2026-768x1086.jpg 768w, https:\/\/www.vs-waldthurn.de\/wp-content\/uploads\/2026\/03\/JB-2026-Schuleinschreibung-3_2026-1086x1536.jpg 1086w, https:\/\/www.vs-waldthurn.de\/wp-content\/uploads\/2026\/03\/JB-2026-Schuleinschreibung-3_2026-1448x2048.jpg 1448w, https:\/\/www.vs-waldthurn.de\/wp-content\/uploads\/2026\/03\/JB-2026-Schuleinschreibung-3_2026-1024x1448.jpg 1024w, https:\/\/www.vs-waldthurn.de\/wp-content\/uploads\/2026\/03\/JB-2026-Schuleinschreibung-3_2026-764x1080.jpg 764w, https:\/\/www.vs-waldthurn.de\/wp-content\/uploads\/2026\/03\/JB-2026-Schuleinschreibung-3_2026-scaled.jpg 1810w\" sizes=\"auto, (max-width: 724px) 100vw, 724px\" \/><\/a>\n\t\t\t<\/dt><\/dl><dl class='gallery-item'>\n\t\t\t<dt class='gallery-icon landscape'>\n\t\t\t\t<a data-fancybox=\"mesmerize-gallery-1-group\" href='https:\/\/www.vs-waldthurn.de\/wp-content\/uploads\/2026\/03\/02-Gruppe-2.jpeg'><img loading=\"lazy\" decoding=\"async\"  width=\"1024\" height=\"461\" src=\"https:\/\/www.vs-waldthurn.de\/wp-content\/uploads\/2026\/03\/02-Gruppe-2-1024x461.jpeg\"  class='mesmerize-gallery-1-image' alt=\"\" srcset=\"https:\/\/www.vs-waldthurn.de\/wp-content\/uploads\/2026\/03\/02-Gruppe-2-1024x461.jpeg 1024w, https:\/\/www.vs-waldthurn.de\/wp-content\/uploads\/2026\/03\/02-Gruppe-2-300x135.jpeg 300w, https:\/\/www.vs-waldthurn.de\/wp-content\/uploads\/2026\/03\/02-Gruppe-2-768x346.jpeg 768w, https:\/\/www.vs-waldthurn.de\/wp-content\/uploads\/2026\/03\/02-Gruppe-2-1536x691.jpeg 1536w, https:\/\/www.vs-waldthurn.de\/wp-content\/uploads\/2026\/03\/02-Gruppe-2-1920x864.jpeg 1920w, https:\/\/www.vs-waldthurn.de\/wp-content\/uploads\/2026\/03\/02-Gruppe-2.jpeg 2000w\" sizes=\"auto, (max-width: 1024px) 100vw, 1024px\" \/><\/a>\n\t\t\t<\/dt><\/dl><dl class='gallery-item'>\n\t\t\t<dt class='gallery-icon landscape'>\n\t\t\t\t<a data-fancybox=\"mesmerize-gallery-1-group\" href='https:\/\/www.vs-waldthurn.de\/wp-content\/uploads\/2026\/03\/03-Infos-fuer-die-Eltern.jpeg'><img loading=\"lazy\" decoding=\"async\"  width=\"1024\" height=\"461\" src=\"https:\/\/www.vs-waldthurn.de\/wp-content\/uploads\/2026\/03\/03-Infos-fuer-die-Eltern-1024x461.jpeg\"  class='mesmerize-gallery-1-image' alt=\"\" srcset=\"https:\/\/www.vs-waldthurn.de\/wp-content\/uploads\/2026\/03\/03-Infos-fuer-die-Eltern-1024x461.jpeg 1024w, https:\/\/www.vs-waldthurn.de\/wp-content\/uploads\/2026\/03\/03-Infos-fuer-die-Eltern-300x135.jpeg 300w, https:\/\/www.vs-waldthurn.de\/wp-content\/uploads\/2026\/03\/03-Infos-fuer-die-Eltern-768x346.jpeg 768w, https:\/\/www.vs-waldthurn.de\/wp-content\/uploads\/2026\/03\/03-Infos-fuer-die-Eltern-1536x691.jpeg 1536w, https:\/\/www.vs-waldthurn.de\/wp-content\/uploads\/2026\/03\/03-Infos-fuer-die-Eltern-1920x864.jpeg 1920w, https:\/\/www.vs-waldthurn.de\/wp-content\/uploads\/2026\/03\/03-Infos-fuer-die-Eltern.jpeg 2000w\" sizes=\"auto, (max-width: 1024px) 100vw, 1024px\" \/><\/a>\n\t\t\t<\/dt><\/dl><dl class='gallery-item'>\n\t\t\t<dt class='gallery-icon landscape'>\n\t\t\t\t<a data-fancybox=\"mesmerize-gallery-1-group\" href='https:\/\/www.vs-waldthurn.de\/wp-content\/uploads\/2026\/03\/04-Elternbeirat.jpeg'><img loading=\"lazy\" decoding=\"async\"  width=\"1024\" height=\"462\" src=\"https:\/\/www.vs-waldthurn.de\/wp-content\/uploads\/2026\/03\/04-Elternbeirat-1024x462.jpeg\"  class='mesmerize-gallery-1-image' alt=\"\" srcset=\"https:\/\/www.vs-waldthurn.de\/wp-content\/uploads\/2026\/03\/04-Elternbeirat-1024x462.jpeg 1024w, https:\/\/www.vs-waldthurn.de\/wp-content\/uploads\/2026\/03\/04-Elternbeirat-300x135.jpeg 300w, https:\/\/www.vs-waldthurn.de\/wp-content\/uploads\/2026\/03\/04-Elternbeirat-768x346.jpeg 768w, https:\/\/www.vs-waldthurn.de\/wp-content\/uploads\/2026\/03\/04-Elternbeirat-1536x692.jpeg 1536w, https:\/\/www.vs-waldthurn.de\/wp-content\/uploads\/2026\/03\/04-Elternbeirat-1920x865.jpeg 1920w, https:\/\/www.vs-waldthurn.de\/wp-content\/uploads\/2026\/03\/04-Elternbeirat.jpeg 2048w\" sizes=\"auto, (max-width: 1024px) 100vw, 1024px\" \/><\/a>\n\t\t\t<\/dt><\/dl><dl class='gallery-item'>\n\t\t\t<dt class='gallery-icon landscape'>\n\t\t\t\t<a data-fancybox=\"mesmerize-gallery-1-group\" href='https:\/\/www.vs-waldthurn.de\/wp-content\/uploads\/2026\/03\/05-Gruppe-3.jpeg'><img loading=\"lazy\" decoding=\"async\"  width=\"1024\" height=\"462\" src=\"https:\/\/www.vs-waldthurn.de\/wp-content\/uploads\/2026\/03\/05-Gruppe-3-1024x462.jpeg\"  class='mesmerize-gallery-1-image' alt=\"\" srcset=\"https:\/\/www.vs-waldthurn.de\/wp-content\/uploads\/2026\/03\/05-Gruppe-3-1024x462.jpeg 1024w, https:\/\/www.vs-waldthurn.de\/wp-content\/uploads\/2026\/03\/05-Gruppe-3-300x135.jpeg 300w, https:\/\/www.vs-waldthurn.de\/wp-content\/uploads\/2026\/03\/05-Gruppe-3-768x346.jpeg 768w, https:\/\/www.vs-waldthurn.de\/wp-content\/uploads\/2026\/03\/05-Gruppe-3-1536x692.jpeg 1536w, https:\/\/www.vs-waldthurn.de\/wp-content\/uploads\/2026\/03\/05-Gruppe-3-1920x865.jpeg 1920w, https:\/\/www.vs-waldthurn.de\/wp-content\/uploads\/2026\/03\/05-Gruppe-3.jpeg 2048w\" sizes=\"auto, (max-width: 1024px) 100vw, 1024px\" \/><\/a>\n\t\t\t<\/dt><\/dl><dl class='gallery-item'>\n\t\t\t<dt class='gallery-icon landscape'>\n\t\t\t\t<a data-fancybox=\"mesmerize-gallery-1-group\" href='https:\/\/www.vs-waldthurn.de\/wp-content\/uploads\/2026\/03\/06-Gruppe-3.jpeg'><img loading=\"lazy\" decoding=\"async\"  width=\"1024\" height=\"462\" src=\"https:\/\/www.vs-waldthurn.de\/wp-content\/uploads\/2026\/03\/06-Gruppe-3-1024x462.jpeg\"  class='mesmerize-gallery-1-image' alt=\"\" srcset=\"https:\/\/www.vs-waldthurn.de\/wp-content\/uploads\/2026\/03\/06-Gruppe-3-1024x462.jpeg 1024w, https:\/\/www.vs-waldthurn.de\/wp-content\/uploads\/2026\/03\/06-Gruppe-3-300x135.jpeg 300w, https:\/\/www.vs-waldthurn.de\/wp-content\/uploads\/2026\/03\/06-Gruppe-3-768x346.jpeg 768w, https:\/\/www.vs-waldthurn.de\/wp-content\/uploads\/2026\/03\/06-Gruppe-3-1536x692.jpeg 1536w, https:\/\/www.vs-waldthurn.de\/wp-content\/uploads\/2026\/03\/06-Gruppe-3-1920x865.jpeg 1920w, https:\/\/www.vs-waldthurn.de\/wp-content\/uploads\/2026\/03\/06-Gruppe-3.jpeg 2048w\" sizes=\"auto, (max-width: 1024px) 100vw, 1024px\" \/><\/a>\n\t\t\t<\/dt><\/dl><dl class='gallery-item'>\n\t\t\t<dt class='gallery-icon landscape'>\n\t\t\t\t<a data-fancybox=\"mesmerize-gallery-1-group\" href='https:\/\/www.vs-waldthurn.de\/wp-content\/uploads\/2026\/03\/07-Gruppe-1.jpeg'><img loading=\"lazy\" decoding=\"async\"  width=\"1024\" height=\"462\" src=\"https:\/\/www.vs-waldthurn.de\/wp-content\/uploads\/2026\/03\/07-Gruppe-1-1024x462.jpeg\"  class='mesmerize-gallery-1-image' alt=\"\" srcset=\"https:\/\/www.vs-waldthurn.de\/wp-content\/uploads\/2026\/03\/07-Gruppe-1-1024x462.jpeg 1024w, https:\/\/www.vs-waldthurn.de\/wp-content\/uploads\/2026\/03\/07-Gruppe-1-300x135.jpeg 300w, https:\/\/www.vs-waldthurn.de\/wp-content\/uploads\/2026\/03\/07-Gruppe-1-768x346.jpeg 768w, https:\/\/www.vs-waldthurn.de\/wp-content\/uploads\/2026\/03\/07-Gruppe-1-1536x692.jpeg 1536w, https:\/\/www.vs-waldthurn.de\/wp-content\/uploads\/2026\/03\/07-Gruppe-1-1920x865.jpeg 1920w, https:\/\/www.vs-waldthurn.de\/wp-content\/uploads\/2026\/03\/07-Gruppe-1.jpeg 2048w\" sizes=\"auto, (max-width: 1024px) 100vw, 1024px\" \/><\/a>\n\t\t\t<\/dt><\/dl><dl class='gallery-item'>\n\t\t\t<dt class='gallery-icon landscape'>\n\t\t\t\t<a data-fancybox=\"mesmerize-gallery-1-group\" href='https:\/\/www.vs-waldthurn.de\/wp-content\/uploads\/2026\/03\/08-Gruppe-2.jpeg'><img loading=\"lazy\" decoding=\"async\"  width=\"1024\" height=\"462\" src=\"https:\/\/www.vs-waldthurn.de\/wp-content\/uploads\/2026\/03\/08-Gruppe-2-1024x462.jpeg\"  class='mesmerize-gallery-1-image' alt=\"\" srcset=\"https:\/\/www.vs-waldthurn.de\/wp-content\/uploads\/2026\/03\/08-Gruppe-2-1024x462.jpeg 1024w, https:\/\/www.vs-waldthurn.de\/wp-content\/uploads\/2026\/03\/08-Gruppe-2-300x135.jpeg 300w, https:\/\/www.vs-waldthurn.de\/wp-content\/uploads\/2026\/03\/08-Gruppe-2-768x346.jpeg 768w, https:\/\/www.vs-waldthurn.de\/wp-content\/uploads\/2026\/03\/08-Gruppe-2-1536x692.jpeg 1536w, https:\/\/www.vs-waldthurn.de\/wp-content\/uploads\/2026\/03\/08-Gruppe-2-1920x865.jpeg 1920w, https:\/\/www.vs-waldthurn.de\/wp-content\/uploads\/2026\/03\/08-Gruppe-2.jpeg 2048w\" sizes=\"auto, (max-width: 1024px) 100vw, 1024px\" \/><\/a>\n\t\t\t<\/dt><\/dl>\n\t\t\t\n\t\t<\/div>\n<script>(function($){window.MaterialisCaptionsGallery && window.MaterialisCaptionsGallery($('[data-unique-id=\"mesmerize-gallery-1-69f4633e648c5\"]'))})(jQuery)<\/script><\/div><\/div><\/div> <\/div><\/div><div  data-label=\"Gallery\" data-id=\"gallery--19\" data-export-id=\"gallery-1\" data-category=\"gallery\" class=\"gallery-1 content-section content-section-spacing\" id=\"gallery-19\" style=\"background-color: rgb(245, 250, 253);\"><div  class=\"gridContainer\"> <div  class=\"row\"><div  class=\"section-title-col\" data-type=\"column\"> <h2  class=\"\" data-qb-tmp-id=\"lt-197903\" data-gramm=\"false\">Skifahren 2026<\/h2> <p  class=\"lead\" data-qb-tmp-id=\"lt-933768\" data-gramm=\"false\">Skifahren f\u00fcr eine Woche im Januar 2026, Alpin und Langlauf wurde angeboten bei herrlichem Wetter.<\/p><\/div> <\/div> <div  class=\"row text-center\"> <div  class=\"col-xs-12\" data-editable=\"true\" data-content-shortcode=\"mesmerize_gallery id=&quot;mesmerize-gallery-1&quot; columns=&quot;3&quot; ids=&quot;1703,1695,1696,1698,1700,1691,1693,1701,1694,1697,1699&quot; lb=&quot;1&quot; masonry=&quot;1&quot; size=&quot;medium&quot; link=&quot;file&quot; \"><div id='mesmerize-gallery-1' class='gallery-wrapper'><style type=\"text\/css\">\n                    @media only screen and (min-width: 768px) {\n                    [data-unique-id='mesmerize-gallery-1-69f4633e6549d'] dl {\n                        float: left;\n                        width: 33.333333333333% !important;\n                        max-width:  33.333333333333% !important;\n                        min-width:  33.333333333333% !important;\n                    }\n\n                    [data-unique-id='mesmerize-gallery-1-69f4633e6549d'] dl:nth-of-type(3n +1 ) {\n                      clear: both;\n                      }\n                    }\n                <\/style><div id='mesmerize-gallery-1' class='mesmerize-gallery-1-dls-wrapper gallery-items-wrapper materialis-gallery' data-unique-id='mesmerize-gallery-1-69f4633e6549d'><dl class='gallery-item'>\n\t\t\t<dt class='gallery-icon portrait'>\n\t\t\t\t<a data-fancybox=\"mesmerize-gallery-1-group\" href='https:\/\/www.vs-waldthurn.de\/wp-content\/uploads\/2026\/01\/IMG-20260121-WA0003.jpg'><img loading=\"lazy\" decoding=\"async\"  width=\"225\" height=\"300\" src=\"https:\/\/www.vs-waldthurn.de\/wp-content\/uploads\/2026\/01\/IMG-20260121-WA0003-225x300.jpg\"  class='mesmerize-gallery-1-image' alt=\"\" srcset=\"https:\/\/www.vs-waldthurn.de\/wp-content\/uploads\/2026\/01\/IMG-20260121-WA0003-225x300.jpg 225w, https:\/\/www.vs-waldthurn.de\/wp-content\/uploads\/2026\/01\/IMG-20260121-WA0003-768x1024.jpg 768w, https:\/\/www.vs-waldthurn.de\/wp-content\/uploads\/2026\/01\/IMG-20260121-WA0003-1152x1536.jpg 1152w, https:\/\/www.vs-waldthurn.de\/wp-content\/uploads\/2026\/01\/IMG-20260121-WA0003-1024x1365.jpg 1024w, https:\/\/www.vs-waldthurn.de\/wp-content\/uploads\/2026\/01\/IMG-20260121-WA0003-810x1080.jpg 810w, https:\/\/www.vs-waldthurn.de\/wp-content\/uploads\/2026\/01\/IMG-20260121-WA0003.jpg 1512w\" sizes=\"auto, (max-width: 225px) 100vw, 225px\" \/><\/a>\n\t\t\t<\/dt><\/dl><dl class='gallery-item'>\n\t\t\t<dt class='gallery-icon landscape'>\n\t\t\t\t<a data-fancybox=\"mesmerize-gallery-1-group\" href='https:\/\/www.vs-waldthurn.de\/wp-content\/uploads\/2026\/01\/20260123_153823-scaled.jpg'><img loading=\"lazy\" decoding=\"async\"  width=\"300\" height=\"169\" src=\"https:\/\/www.vs-waldthurn.de\/wp-content\/uploads\/2026\/01\/20260123_153823-300x169.jpg\"  class='mesmerize-gallery-1-image' alt=\"\" srcset=\"https:\/\/www.vs-waldthurn.de\/wp-content\/uploads\/2026\/01\/20260123_153823-300x169.jpg 300w, https:\/\/www.vs-waldthurn.de\/wp-content\/uploads\/2026\/01\/20260123_153823-1024x576.jpg 1024w, https:\/\/www.vs-waldthurn.de\/wp-content\/uploads\/2026\/01\/20260123_153823-768x432.jpg 768w, https:\/\/www.vs-waldthurn.de\/wp-content\/uploads\/2026\/01\/20260123_153823-1536x864.jpg 1536w, https:\/\/www.vs-waldthurn.de\/wp-content\/uploads\/2026\/01\/20260123_153823-2048x1152.jpg 2048w, https:\/\/www.vs-waldthurn.de\/wp-content\/uploads\/2026\/01\/20260123_153823-1920x1080.jpg 1920w\" sizes=\"auto, (max-width: 300px) 100vw, 300px\" \/><\/a>\n\t\t\t<\/dt><\/dl><dl class='gallery-item'>\n\t\t\t<dt class='gallery-icon landscape'>\n\t\t\t\t<a data-fancybox=\"mesmerize-gallery-1-group\" href='https:\/\/www.vs-waldthurn.de\/wp-content\/uploads\/2026\/01\/20260123_153830-scaled.jpg'><img loading=\"lazy\" decoding=\"async\"  width=\"300\" height=\"169\" src=\"https:\/\/www.vs-waldthurn.de\/wp-content\/uploads\/2026\/01\/20260123_153830-300x169.jpg\"  class='mesmerize-gallery-1-image' alt=\"\" srcset=\"https:\/\/www.vs-waldthurn.de\/wp-content\/uploads\/2026\/01\/20260123_153830-300x169.jpg 300w, https:\/\/www.vs-waldthurn.de\/wp-content\/uploads\/2026\/01\/20260123_153830-1024x576.jpg 1024w, https:\/\/www.vs-waldthurn.de\/wp-content\/uploads\/2026\/01\/20260123_153830-768x432.jpg 768w, https:\/\/www.vs-waldthurn.de\/wp-content\/uploads\/2026\/01\/20260123_153830-1536x864.jpg 1536w, https:\/\/www.vs-waldthurn.de\/wp-content\/uploads\/2026\/01\/20260123_153830-2048x1152.jpg 2048w, https:\/\/www.vs-waldthurn.de\/wp-content\/uploads\/2026\/01\/20260123_153830-1920x1080.jpg 1920w\" sizes=\"auto, (max-width: 300px) 100vw, 300px\" \/><\/a>\n\t\t\t<\/dt><\/dl><dl class='gallery-item'>\n\t\t\t<dt class='gallery-icon landscape'>\n\t\t\t\t<a data-fancybox=\"mesmerize-gallery-1-group\" href='https:\/\/www.vs-waldthurn.de\/wp-content\/uploads\/2026\/01\/IMG-20260123-WA0002.jpg'><img loading=\"lazy\" decoding=\"async\"  width=\"300\" height=\"146\" src=\"https:\/\/www.vs-waldthurn.de\/wp-content\/uploads\/2026\/01\/IMG-20260123-WA0002-300x146.jpg\"  class='mesmerize-gallery-1-image' alt=\"\" srcset=\"https:\/\/www.vs-waldthurn.de\/wp-content\/uploads\/2026\/01\/IMG-20260123-WA0002-300x146.jpg 300w, https:\/\/www.vs-waldthurn.de\/wp-content\/uploads\/2026\/01\/IMG-20260123-WA0002-1024x499.jpg 1024w, https:\/\/www.vs-waldthurn.de\/wp-content\/uploads\/2026\/01\/IMG-20260123-WA0002-768x374.jpg 768w, https:\/\/www.vs-waldthurn.de\/wp-content\/uploads\/2026\/01\/IMG-20260123-WA0002-1536x748.jpg 1536w, https:\/\/www.vs-waldthurn.de\/wp-content\/uploads\/2026\/01\/IMG-20260123-WA0002-1920x935.jpg 1920w, https:\/\/www.vs-waldthurn.de\/wp-content\/uploads\/2026\/01\/IMG-20260123-WA0002.jpg 2048w\" sizes=\"auto, (max-width: 300px) 100vw, 300px\" \/><\/a>\n\t\t\t<\/dt><\/dl><dl class='gallery-item'>\n\t\t\t<dt class='gallery-icon landscape'>\n\t\t\t\t<a data-fancybox=\"mesmerize-gallery-1-group\" href='https:\/\/www.vs-waldthurn.de\/wp-content\/uploads\/2026\/01\/IMG-20260123-WA0004.jpg'><img loading=\"lazy\" decoding=\"async\"  width=\"300\" height=\"135\" src=\"https:\/\/www.vs-waldthurn.de\/wp-content\/uploads\/2026\/01\/IMG-20260123-WA0004-300x135.jpg\"  class='mesmerize-gallery-1-image' alt=\"\" srcset=\"https:\/\/www.vs-waldthurn.de\/wp-content\/uploads\/2026\/01\/IMG-20260123-WA0004-300x135.jpg 300w, https:\/\/www.vs-waldthurn.de\/wp-content\/uploads\/2026\/01\/IMG-20260123-WA0004-1024x462.jpg 1024w, https:\/\/www.vs-waldthurn.de\/wp-content\/uploads\/2026\/01\/IMG-20260123-WA0004-768x346.jpg 768w, https:\/\/www.vs-waldthurn.de\/wp-content\/uploads\/2026\/01\/IMG-20260123-WA0004-1536x692.jpg 1536w, https:\/\/www.vs-waldthurn.de\/wp-content\/uploads\/2026\/01\/IMG-20260123-WA0004-1920x865.jpg 1920w, https:\/\/www.vs-waldthurn.de\/wp-content\/uploads\/2026\/01\/IMG-20260123-WA0004.jpg 2048w\" sizes=\"auto, (max-width: 300px) 100vw, 300px\" \/><\/a>\n\t\t\t<\/dt><\/dl><dl class='gallery-item'>\n\t\t\t<dt class='gallery-icon portrait'>\n\t\t\t\t<a data-fancybox=\"mesmerize-gallery-1-group\" href='https:\/\/www.vs-waldthurn.de\/wp-content\/uploads\/2026\/01\/IMG-20260121-WA0011.jpg'><img loading=\"lazy\" decoding=\"async\"  width=\"225\" height=\"300\" src=\"https:\/\/www.vs-waldthurn.de\/wp-content\/uploads\/2026\/01\/IMG-20260121-WA0011-225x300.jpg\"  class='mesmerize-gallery-1-image' alt=\"\" srcset=\"https:\/\/www.vs-waldthurn.de\/wp-content\/uploads\/2026\/01\/IMG-20260121-WA0011-225x300.jpg 225w, https:\/\/www.vs-waldthurn.de\/wp-content\/uploads\/2026\/01\/IMG-20260121-WA0011-768x1024.jpg 768w, https:\/\/www.vs-waldthurn.de\/wp-content\/uploads\/2026\/01\/IMG-20260121-WA0011-1152x1536.jpg 1152w, https:\/\/www.vs-waldthurn.de\/wp-content\/uploads\/2026\/01\/IMG-20260121-WA0011-1024x1365.jpg 1024w, https:\/\/www.vs-waldthurn.de\/wp-content\/uploads\/2026\/01\/IMG-20260121-WA0011-810x1080.jpg 810w, https:\/\/www.vs-waldthurn.de\/wp-content\/uploads\/2026\/01\/IMG-20260121-WA0011.jpg 1512w\" sizes=\"auto, (max-width: 225px) 100vw, 225px\" \/><\/a>\n\t\t\t<\/dt><\/dl><dl class='gallery-item'>\n\t\t\t<dt class='gallery-icon portrait'>\n\t\t\t\t<a data-fancybox=\"mesmerize-gallery-1-group\" href='https:\/\/www.vs-waldthurn.de\/wp-content\/uploads\/2026\/01\/IMG-20260121-WA0016.jpg'><img loading=\"lazy\" decoding=\"async\"  width=\"225\" height=\"300\" src=\"https:\/\/www.vs-waldthurn.de\/wp-content\/uploads\/2026\/01\/IMG-20260121-WA0016-225x300.jpg\"  class='mesmerize-gallery-1-image' alt=\"\" srcset=\"https:\/\/www.vs-waldthurn.de\/wp-content\/uploads\/2026\/01\/IMG-20260121-WA0016-225x300.jpg 225w, https:\/\/www.vs-waldthurn.de\/wp-content\/uploads\/2026\/01\/IMG-20260121-WA0016-768x1024.jpg 768w, https:\/\/www.vs-waldthurn.de\/wp-content\/uploads\/2026\/01\/IMG-20260121-WA0016-1152x1536.jpg 1152w, https:\/\/www.vs-waldthurn.de\/wp-content\/uploads\/2026\/01\/IMG-20260121-WA0016-1024x1365.jpg 1024w, https:\/\/www.vs-waldthurn.de\/wp-content\/uploads\/2026\/01\/IMG-20260121-WA0016-810x1080.jpg 810w, https:\/\/www.vs-waldthurn.de\/wp-content\/uploads\/2026\/01\/IMG-20260121-WA0016.jpg 1512w\" sizes=\"auto, (max-width: 225px) 100vw, 225px\" \/><\/a>\n\t\t\t<\/dt><\/dl><dl class='gallery-item'>\n\t\t\t<dt class='gallery-icon portrait'>\n\t\t\t\t<a data-fancybox=\"mesmerize-gallery-1-group\" href='https:\/\/www.vs-waldthurn.de\/wp-content\/uploads\/2026\/01\/IMG-20260121-WA0009.jpg'><img loading=\"lazy\" decoding=\"async\"  width=\"225\" height=\"300\" src=\"https:\/\/www.vs-waldthurn.de\/wp-content\/uploads\/2026\/01\/IMG-20260121-WA0009-225x300.jpg\"  class='mesmerize-gallery-1-image' alt=\"\" srcset=\"https:\/\/www.vs-waldthurn.de\/wp-content\/uploads\/2026\/01\/IMG-20260121-WA0009-225x300.jpg 225w, https:\/\/www.vs-waldthurn.de\/wp-content\/uploads\/2026\/01\/IMG-20260121-WA0009-768x1024.jpg 768w, https:\/\/www.vs-waldthurn.de\/wp-content\/uploads\/2026\/01\/IMG-20260121-WA0009-1152x1536.jpg 1152w, https:\/\/www.vs-waldthurn.de\/wp-content\/uploads\/2026\/01\/IMG-20260121-WA0009-1024x1365.jpg 1024w, https:\/\/www.vs-waldthurn.de\/wp-content\/uploads\/2026\/01\/IMG-20260121-WA0009-810x1080.jpg 810w, https:\/\/www.vs-waldthurn.de\/wp-content\/uploads\/2026\/01\/IMG-20260121-WA0009.jpg 1512w\" sizes=\"auto, (max-width: 225px) 100vw, 225px\" \/><\/a>\n\t\t\t<\/dt><\/dl><dl class='gallery-item'>\n\t\t\t<dt class='gallery-icon portrait'>\n\t\t\t\t<a data-fancybox=\"mesmerize-gallery-1-group\" href='https:\/\/www.vs-waldthurn.de\/wp-content\/uploads\/2026\/01\/IMG-20260121-WA0019.jpg'><img loading=\"lazy\" decoding=\"async\"  width=\"225\" height=\"300\" src=\"https:\/\/www.vs-waldthurn.de\/wp-content\/uploads\/2026\/01\/IMG-20260121-WA0019-225x300.jpg\"  class='mesmerize-gallery-1-image' alt=\"\" srcset=\"https:\/\/www.vs-waldthurn.de\/wp-content\/uploads\/2026\/01\/IMG-20260121-WA0019-225x300.jpg 225w, https:\/\/www.vs-waldthurn.de\/wp-content\/uploads\/2026\/01\/IMG-20260121-WA0019-768x1024.jpg 768w, https:\/\/www.vs-waldthurn.de\/wp-content\/uploads\/2026\/01\/IMG-20260121-WA0019-1152x1536.jpg 1152w, https:\/\/www.vs-waldthurn.de\/wp-content\/uploads\/2026\/01\/IMG-20260121-WA0019-1024x1365.jpg 1024w, https:\/\/www.vs-waldthurn.de\/wp-content\/uploads\/2026\/01\/IMG-20260121-WA0019-810x1080.jpg 810w, https:\/\/www.vs-waldthurn.de\/wp-content\/uploads\/2026\/01\/IMG-20260121-WA0019.jpg 1512w\" sizes=\"auto, (max-width: 225px) 100vw, 225px\" \/><\/a>\n\t\t\t<\/dt><\/dl><dl class='gallery-item'>\n\t\t\t<dt class='gallery-icon landscape'>\n\t\t\t\t<a data-fancybox=\"mesmerize-gallery-1-group\" href='https:\/\/www.vs-waldthurn.de\/wp-content\/uploads\/2026\/01\/IMG-20260123-WA0003.jpg'><img loading=\"lazy\" decoding=\"async\"  width=\"300\" height=\"135\" src=\"https:\/\/www.vs-waldthurn.de\/wp-content\/uploads\/2026\/01\/IMG-20260123-WA0003-300x135.jpg\"  class='mesmerize-gallery-1-image' alt=\"\" srcset=\"https:\/\/www.vs-waldthurn.de\/wp-content\/uploads\/2026\/01\/IMG-20260123-WA0003-300x135.jpg 300w, https:\/\/www.vs-waldthurn.de\/wp-content\/uploads\/2026\/01\/IMG-20260123-WA0003-1024x462.jpg 1024w, https:\/\/www.vs-waldthurn.de\/wp-content\/uploads\/2026\/01\/IMG-20260123-WA0003-768x346.jpg 768w, https:\/\/www.vs-waldthurn.de\/wp-content\/uploads\/2026\/01\/IMG-20260123-WA0003-1536x692.jpg 1536w, https:\/\/www.vs-waldthurn.de\/wp-content\/uploads\/2026\/01\/IMG-20260123-WA0003-1920x865.jpg 1920w, https:\/\/www.vs-waldthurn.de\/wp-content\/uploads\/2026\/01\/IMG-20260123-WA0003.jpg 2048w\" sizes=\"auto, (max-width: 300px) 100vw, 300px\" \/><\/a>\n\t\t\t<\/dt><\/dl><dl class='gallery-item'>\n\t\t\t<dt class='gallery-icon landscape'>\n\t\t\t\t<a data-fancybox=\"mesmerize-gallery-1-group\" href='https:\/\/www.vs-waldthurn.de\/wp-content\/uploads\/2026\/01\/IMG-20260123-WA0001.jpg'><img loading=\"lazy\" decoding=\"async\"  width=\"300\" height=\"135\" src=\"https:\/\/www.vs-waldthurn.de\/wp-content\/uploads\/2026\/01\/IMG-20260123-WA0001-300x135.jpg\"  class='mesmerize-gallery-1-image' alt=\"\" srcset=\"https:\/\/www.vs-waldthurn.de\/wp-content\/uploads\/2026\/01\/IMG-20260123-WA0001-300x135.jpg 300w, https:\/\/www.vs-waldthurn.de\/wp-content\/uploads\/2026\/01\/IMG-20260123-WA0001-1024x462.jpg 1024w, https:\/\/www.vs-waldthurn.de\/wp-content\/uploads\/2026\/01\/IMG-20260123-WA0001-768x346.jpg 768w, https:\/\/www.vs-waldthurn.de\/wp-content\/uploads\/2026\/01\/IMG-20260123-WA0001-1536x692.jpg 1536w, https:\/\/www.vs-waldthurn.de\/wp-content\/uploads\/2026\/01\/IMG-20260123-WA0001-1920x865.jpg 1920w, https:\/\/www.vs-waldthurn.de\/wp-content\/uploads\/2026\/01\/IMG-20260123-WA0001.jpg 2048w\" sizes=\"auto, (max-width: 300px) 100vw, 300px\" \/><\/a>\n\t\t\t<\/dt><\/dl>\n\t\t\t\n\t\t<\/div>\n<script>(function($){window.MaterialisCaptionsGallery && window.MaterialisCaptionsGallery($('[data-unique-id=\"mesmerize-gallery-1-69f4633e6549d\"]'))})(jQuery)<\/script><\/div><\/div><\/div> <\/div><\/div><div  data-label=\"Gallery\" data-id=\"gallery--20\" data-export-id=\"gallery-1\" data-category=\"gallery\" class=\"gallery-1 content-section content-section-spacing\" id=\"gallery-20\" style=\"background-color: rgb(245, 250, 253);\"><div  class=\"gridContainer\"> <div  class=\"row\"><div  class=\"section-title-col\" data-type=\"column\"> <h2  class=\"\" data-qb-tmp-id=\"lt-314463\" data-gramm=\"false\">Vertretungsstunde<\/h2> <p  class=\"lead\" data-qb-tmp-id=\"lt-591384\" data-gramm=\"false\">Vertretungsstunde in der Klasse 1 w\u00e4hren der Skifahrwoche in den Klassen 3 und 4.<\/p><\/div> <\/div> <div  class=\"row text-center\"> <div  class=\"col-xs-12\" data-editable=\"true\" data-content-shortcode=\"mesmerize_gallery id=&quot;mesmerize-gallery-1&quot; columns=&quot;1&quot; ids=&quot;1706&quot; lb=&quot;1&quot; masonry=&quot;1&quot; size=&quot;medium&quot; link=&quot;file&quot; \"><div id='mesmerize-gallery-1' class='gallery-wrapper'><style type=\"text\/css\">\n                    @media only screen and (min-width: 768px) {\n                    [data-unique-id='mesmerize-gallery-1-69f4633e662d9'] dl {\n                        float: left;\n                        width: 100% !important;\n                        max-width:  100% !important;\n                        min-width:  100% !important;\n                    }\n\n                    [data-unique-id='mesmerize-gallery-1-69f4633e662d9'] dl:nth-of-type(1n +1 ) {\n                      clear: both;\n                      }\n                    }\n                <\/style><div id='mesmerize-gallery-1' class='mesmerize-gallery-1-dls-wrapper gallery-items-wrapper materialis-gallery' data-unique-id='mesmerize-gallery-1-69f4633e662d9'><dl class='gallery-item'>\n\t\t\t<dt class='gallery-icon landscape'>\n\t\t\t\t<a data-fancybox=\"mesmerize-gallery-1-group\" href='https:\/\/www.vs-waldthurn.de\/wp-content\/uploads\/2026\/01\/20260123_161312-scaled.jpg'><img loading=\"lazy\" decoding=\"async\"  width=\"300\" height=\"99\" src=\"https:\/\/www.vs-waldthurn.de\/wp-content\/uploads\/2026\/01\/20260123_161312-300x99.jpg\"  class='mesmerize-gallery-1-image' alt=\"\" srcset=\"https:\/\/www.vs-waldthurn.de\/wp-content\/uploads\/2026\/01\/20260123_161312-300x99.jpg 300w, https:\/\/www.vs-waldthurn.de\/wp-content\/uploads\/2026\/01\/20260123_161312-1024x337.jpg 1024w, https:\/\/www.vs-waldthurn.de\/wp-content\/uploads\/2026\/01\/20260123_161312-768x252.jpg 768w, https:\/\/www.vs-waldthurn.de\/wp-content\/uploads\/2026\/01\/20260123_161312-1536x505.jpg 1536w, https:\/\/www.vs-waldthurn.de\/wp-content\/uploads\/2026\/01\/20260123_161312-2048x673.jpg 2048w, https:\/\/www.vs-waldthurn.de\/wp-content\/uploads\/2026\/01\/20260123_161312-1920x631.jpg 1920w\" sizes=\"auto, (max-width: 300px) 100vw, 300px\" \/><\/a>\n\t\t\t<\/dt><\/dl>\n\t\t<\/div>\n<script>(function($){window.MaterialisCaptionsGallery && window.MaterialisCaptionsGallery($('[data-unique-id=\"mesmerize-gallery-1-69f4633e662d9\"]'))})(jQuery)<\/script><\/div><\/div><\/div> <\/div><\/div><div  data-label=\"Gallery\" data-id=\"gallery--18\" data-export-id=\"gallery-2\" data-category=\"gallery\" class=\"gallery-2 content-section content-section-spacing\" id=\"gallery-18\" style=\"background-color: rgb(245, 250, 253);\"><div  class=\"\"> <div  class=\"row\"><div  class=\"col-xs-12 full-no-padding\" data-editable=\"true\" data-content-shortcode=\"mesmerize_gallery id=&quot;mesmerize-gallery-2&quot; columns=&quot;2&quot; ids=&quot;1688,1689&quot; lb=&quot;1&quot; masonry=&quot;0&quot; size=&quot;medium&quot; link=&quot;file&quot; \"><div id='mesmerize-gallery-2' class='gallery-wrapper'><style type=\"text\/css\">\n                    @media only screen and (min-width: 768px) {\n                    [data-unique-id='mesmerize-gallery-2-69f4633e66915'] dl {\n                        float: left;\n                        width: 50% !important;\n                        max-width:  50% !important;\n                        min-width:  50% !important;\n                    }\n\n                    [data-unique-id='mesmerize-gallery-2-69f4633e66915'] dl:nth-of-type(2n +1 ) {\n                      clear: both;\n                      }\n                    }\n                <\/style><div id='mesmerize-gallery-2' class='mesmerize-gallery-2-dls-wrapper gallery-items-wrapper materialis-gallery' data-unique-id='mesmerize-gallery-2-69f4633e66915'><dl class='gallery-item'>\n\t\t\t<dt class='gallery-icon portrait'>\n\t\t\t\t<a data-fancybox=\"mesmerize-gallery-2-group\" href='https:\/\/www.vs-waldthurn.de\/wp-content\/uploads\/2026\/01\/JB-2026-Winterfreuden-1_26_1-scaled.jpg'><img loading=\"lazy\" decoding=\"async\"  width=\"212\" height=\"300\" src=\"https:\/\/www.vs-waldthurn.de\/wp-content\/uploads\/2026\/01\/JB-2026-Winterfreuden-1_26_1-212x300.jpg\"  class='mesmerize-gallery-2-image' alt=\"\" srcset=\"https:\/\/www.vs-waldthurn.de\/wp-content\/uploads\/2026\/01\/JB-2026-Winterfreuden-1_26_1-212x300.jpg 212w, https:\/\/www.vs-waldthurn.de\/wp-content\/uploads\/2026\/01\/JB-2026-Winterfreuden-1_26_1-724x1024.jpg 724w, https:\/\/www.vs-waldthurn.de\/wp-content\/uploads\/2026\/01\/JB-2026-Winterfreuden-1_26_1-768x1086.jpg 768w, https:\/\/www.vs-waldthurn.de\/wp-content\/uploads\/2026\/01\/JB-2026-Winterfreuden-1_26_1-1086x1536.jpg 1086w, https:\/\/www.vs-waldthurn.de\/wp-content\/uploads\/2026\/01\/JB-2026-Winterfreuden-1_26_1-1448x2048.jpg 1448w, https:\/\/www.vs-waldthurn.de\/wp-content\/uploads\/2026\/01\/JB-2026-Winterfreuden-1_26_1-1024x1448.jpg 1024w, https:\/\/www.vs-waldthurn.de\/wp-content\/uploads\/2026\/01\/JB-2026-Winterfreuden-1_26_1-764x1080.jpg 764w, https:\/\/www.vs-waldthurn.de\/wp-content\/uploads\/2026\/01\/JB-2026-Winterfreuden-1_26_1-scaled.jpg 1811w\" sizes=\"auto, (max-width: 212px) 100vw, 212px\" \/><\/a>\n\t\t\t<\/dt><\/dl><dl class='gallery-item'>\n\t\t\t<dt class='gallery-icon portrait'>\n\t\t\t\t<a data-fancybox=\"mesmerize-gallery-2-group\" href='https:\/\/www.vs-waldthurn.de\/wp-content\/uploads\/2026\/01\/JB-2026-Winterfreuden-1_26_2-scaled.jpg'><img loading=\"lazy\" decoding=\"async\"  width=\"212\" height=\"300\" src=\"https:\/\/www.vs-waldthurn.de\/wp-content\/uploads\/2026\/01\/JB-2026-Winterfreuden-1_26_2-212x300.jpg\"  class='mesmerize-gallery-2-image' alt=\"\" srcset=\"https:\/\/www.vs-waldthurn.de\/wp-content\/uploads\/2026\/01\/JB-2026-Winterfreuden-1_26_2-212x300.jpg 212w, https:\/\/www.vs-waldthurn.de\/wp-content\/uploads\/2026\/01\/JB-2026-Winterfreuden-1_26_2-724x1024.jpg 724w, https:\/\/www.vs-waldthurn.de\/wp-content\/uploads\/2026\/01\/JB-2026-Winterfreuden-1_26_2-768x1086.jpg 768w, https:\/\/www.vs-waldthurn.de\/wp-content\/uploads\/2026\/01\/JB-2026-Winterfreuden-1_26_2-1086x1536.jpg 1086w, https:\/\/www.vs-waldthurn.de\/wp-content\/uploads\/2026\/01\/JB-2026-Winterfreuden-1_26_2-1448x2048.jpg 1448w, https:\/\/www.vs-waldthurn.de\/wp-content\/uploads\/2026\/01\/JB-2026-Winterfreuden-1_26_2-1024x1448.jpg 1024w, https:\/\/www.vs-waldthurn.de\/wp-content\/uploads\/2026\/01\/JB-2026-Winterfreuden-1_26_2-764x1080.jpg 764w, https:\/\/www.vs-waldthurn.de\/wp-content\/uploads\/2026\/01\/JB-2026-Winterfreuden-1_26_2-scaled.jpg 1811w\" sizes=\"auto, (max-width: 212px) 100vw, 212px\" \/><\/a>\n\t\t\t<\/dt><\/dl>\n\t\t<\/div>\n<script>(function($){window.MaterialisCaptionsGallery && window.MaterialisCaptionsGallery($('[data-unique-id=\"mesmerize-gallery-2-69f4633e66915\"]'))})(jQuery)<\/script><\/div><\/div><\/div> <\/div><\/div><div  data-label=\"Gallery\" data-id=\"gallery--17\" data-export-id=\"gallery-2\" data-category=\"gallery\" class=\"gallery-2 content-section content-section-spacing\" id=\"gallery-17\" style=\"background-color: rgb(245, 250, 253);\"><div  class=\"\"> <div  class=\"row\"><div  class=\"col-xs-12 full-no-padding\" data-editable=\"true\" data-content-shortcode=\"mesmerize_gallery id=&quot;mesmerize-gallery-2&quot; columns=&quot;2&quot; ids=&quot;1686,1687&quot; lb=&quot;1&quot; masonry=&quot;0&quot; size=&quot;medium&quot; link=&quot;file&quot; \"><div id='mesmerize-gallery-2' class='gallery-wrapper'><style type=\"text\/css\">\n                    @media only screen and (min-width: 768px) {\n                    [data-unique-id='mesmerize-gallery-2-69f4633e66ff4'] dl {\n                        float: left;\n                        width: 50% !important;\n                        max-width:  50% !important;\n                        min-width:  50% !important;\n                    }\n\n                    [data-unique-id='mesmerize-gallery-2-69f4633e66ff4'] dl:nth-of-type(2n +1 ) {\n                      clear: both;\n                      }\n                    }\n                <\/style><div id='mesmerize-gallery-2' class='mesmerize-gallery-2-dls-wrapper gallery-items-wrapper materialis-gallery' data-unique-id='mesmerize-gallery-2-69f4633e66ff4'><dl class='gallery-item'>\n\t\t\t<dt class='gallery-icon portrait'>\n\t\t\t\t<a data-fancybox=\"mesmerize-gallery-2-group\" href='https:\/\/www.vs-waldthurn.de\/wp-content\/uploads\/2026\/01\/0.jpg'><img loading=\"lazy\" decoding=\"async\"  width=\"212\" height=\"300\" src=\"https:\/\/www.vs-waldthurn.de\/wp-content\/uploads\/2026\/01\/0-212x300.jpg\"  class='mesmerize-gallery-2-image' alt=\"\" srcset=\"https:\/\/www.vs-waldthurn.de\/wp-content\/uploads\/2026\/01\/0-212x300.jpg 212w, https:\/\/www.vs-waldthurn.de\/wp-content\/uploads\/2026\/01\/0-724x1024.jpg 724w, https:\/\/www.vs-waldthurn.de\/wp-content\/uploads\/2026\/01\/0-768x1086.jpg 768w, https:\/\/www.vs-waldthurn.de\/wp-content\/uploads\/2026\/01\/0-1086x1536.jpg 1086w, https:\/\/www.vs-waldthurn.de\/wp-content\/uploads\/2026\/01\/0-1024x1448.jpg 1024w, https:\/\/www.vs-waldthurn.de\/wp-content\/uploads\/2026\/01\/0-764x1080.jpg 764w, https:\/\/www.vs-waldthurn.de\/wp-content\/uploads\/2026\/01\/0.jpg 1190w\" sizes=\"auto, (max-width: 212px) 100vw, 212px\" \/><\/a>\n\t\t\t<\/dt><\/dl><dl class='gallery-item'>\n\t\t\t<dt class='gallery-icon portrait'>\n\t\t\t\t<a data-fancybox=\"mesmerize-gallery-2-group\" href='https:\/\/www.vs-waldthurn.de\/wp-content\/uploads\/2026\/01\/1.jpg'><img loading=\"lazy\" decoding=\"async\"  width=\"212\" height=\"300\" src=\"https:\/\/www.vs-waldthurn.de\/wp-content\/uploads\/2026\/01\/1-212x300.jpg\"  class='mesmerize-gallery-2-image' alt=\"\" srcset=\"https:\/\/www.vs-waldthurn.de\/wp-content\/uploads\/2026\/01\/1-212x300.jpg 212w, https:\/\/www.vs-waldthurn.de\/wp-content\/uploads\/2026\/01\/1-724x1024.jpg 724w, https:\/\/www.vs-waldthurn.de\/wp-content\/uploads\/2026\/01\/1-768x1086.jpg 768w, https:\/\/www.vs-waldthurn.de\/wp-content\/uploads\/2026\/01\/1-1086x1536.jpg 1086w, https:\/\/www.vs-waldthurn.de\/wp-content\/uploads\/2026\/01\/1-1024x1448.jpg 1024w, https:\/\/www.vs-waldthurn.de\/wp-content\/uploads\/2026\/01\/1-764x1080.jpg 764w, https:\/\/www.vs-waldthurn.de\/wp-content\/uploads\/2026\/01\/1.jpg 1190w\" sizes=\"auto, (max-width: 212px) 100vw, 212px\" \/><\/a>\n\t\t\t<\/dt><\/dl>\n\t\t<\/div>\n<script>(function($){window.MaterialisCaptionsGallery && window.MaterialisCaptionsGallery($('[data-unique-id=\"mesmerize-gallery-2-69f4633e66ff4\"]'))})(jQuery)<\/script><\/div><\/div><\/div> <\/div><\/div><div  data-label=\"Gallery\" data-id=\"gallery--15\" data-export-id=\"gallery-1\" data-category=\"gallery\" class=\"gallery-1 content-section content-section-spacing\" id=\"gallery-15\" style=\"background-color: rgb(245, 250, 253);\"><div  class=\"gridContainer\"> <div  class=\"row\"><div  class=\"section-title-col\" data-type=\"column\"> <h2  class=\"\" data-lt-tmp-id=\"lt-486503\" data-gramm=\"false\">Generationen trafen zusammen am 19.12.2025, am letzten Schultag vor Weihnachten bei Gratus Manus, der Tagespflege in Waldthurn.<\/h2> <p  class=\"lead\" data-lt-tmp-id=\"lt-496818\" data-gramm=\"false\">Die Schulkinder aller Klassen der Grundschule lernten Gedichte und Lieder, um diese darzubieten und zu erfreuen. Reich belohnt wurden die Kinder durch Beifall, erfreutes Zuschauen, leckere Lebkuchen, Kinderpunsch und weihnachtlichen Kuchen. (von Carina Hartwig)<\/p><\/div> <\/div> <div  class=\"row text-center\"> <div  class=\"col-xs-12\" data-editable=\"true\" data-content-shortcode=\"mesmerize_gallery id=&quot;mesmerize-gallery-1&quot; columns=&quot;2&quot; ids=&quot;1673,1674,1675,1676&quot; lb=&quot;1&quot; masonry=&quot;1&quot; size=&quot;medium&quot; link=&quot;file&quot; \"><div id='mesmerize-gallery-1' class='gallery-wrapper'><style type=\"text\/css\">\n                    @media only screen and (min-width: 768px) {\n                    [data-unique-id='mesmerize-gallery-1-69f4633e6761a'] dl {\n                        float: left;\n                        width: 50% !important;\n                        max-width:  50% !important;\n                        min-width:  50% !important;\n                    }\n\n                    [data-unique-id='mesmerize-gallery-1-69f4633e6761a'] dl:nth-of-type(2n +1 ) {\n                      clear: both;\n                      }\n                    }\n                <\/style><div id='mesmerize-gallery-1' class='mesmerize-gallery-1-dls-wrapper gallery-items-wrapper materialis-gallery' data-unique-id='mesmerize-gallery-1-69f4633e6761a'><dl class='gallery-item'>\n\t\t\t<dt class='gallery-icon portrait'>\n\t\t\t\t<a data-fancybox=\"mesmerize-gallery-1-group\" href='https:\/\/www.vs-waldthurn.de\/wp-content\/uploads\/2025\/12\/IMG-20251219-WA0025.jpg'><img loading=\"lazy\" decoding=\"async\"  width=\"225\" height=\"300\" src=\"https:\/\/www.vs-waldthurn.de\/wp-content\/uploads\/2025\/12\/IMG-20251219-WA0025-225x300.jpg\"  class='mesmerize-gallery-1-image' alt=\"\" srcset=\"https:\/\/www.vs-waldthurn.de\/wp-content\/uploads\/2025\/12\/IMG-20251219-WA0025-225x300.jpg 225w, https:\/\/www.vs-waldthurn.de\/wp-content\/uploads\/2025\/12\/IMG-20251219-WA0025-768x1024.jpg 768w, https:\/\/www.vs-waldthurn.de\/wp-content\/uploads\/2025\/12\/IMG-20251219-WA0025-1152x1536.jpg 1152w, https:\/\/www.vs-waldthurn.de\/wp-content\/uploads\/2025\/12\/IMG-20251219-WA0025-1024x1365.jpg 1024w, https:\/\/www.vs-waldthurn.de\/wp-content\/uploads\/2025\/12\/IMG-20251219-WA0025-810x1080.jpg 810w, https:\/\/www.vs-waldthurn.de\/wp-content\/uploads\/2025\/12\/IMG-20251219-WA0025.jpg 1512w\" sizes=\"auto, (max-width: 225px) 100vw, 225px\" \/><\/a>\n\t\t\t<\/dt><\/dl><dl class='gallery-item'>\n\t\t\t<dt class='gallery-icon landscape'>\n\t\t\t\t<a data-fancybox=\"mesmerize-gallery-1-group\" href='https:\/\/www.vs-waldthurn.de\/wp-content\/uploads\/2025\/12\/IMG-20251219-WA0024.jpg'><img loading=\"lazy\" decoding=\"async\"  width=\"300\" height=\"225\" src=\"https:\/\/www.vs-waldthurn.de\/wp-content\/uploads\/2025\/12\/IMG-20251219-WA0024-300x225.jpg\"  class='mesmerize-gallery-1-image' alt=\"\" srcset=\"https:\/\/www.vs-waldthurn.de\/wp-content\/uploads\/2025\/12\/IMG-20251219-WA0024-300x225.jpg 300w, https:\/\/www.vs-waldthurn.de\/wp-content\/uploads\/2025\/12\/IMG-20251219-WA0024-1024x768.jpg 1024w, https:\/\/www.vs-waldthurn.de\/wp-content\/uploads\/2025\/12\/IMG-20251219-WA0024-768x576.jpg 768w, https:\/\/www.vs-waldthurn.de\/wp-content\/uploads\/2025\/12\/IMG-20251219-WA0024-1536x1152.jpg 1536w, https:\/\/www.vs-waldthurn.de\/wp-content\/uploads\/2025\/12\/IMG-20251219-WA0024-1440x1080.jpg 1440w, https:\/\/www.vs-waldthurn.de\/wp-content\/uploads\/2025\/12\/IMG-20251219-WA0024.jpg 2016w\" sizes=\"auto, (max-width: 300px) 100vw, 300px\" \/><\/a>\n\t\t\t<\/dt><\/dl><dl class='gallery-item'>\n\t\t\t<dt class='gallery-icon portrait'>\n\t\t\t\t<a data-fancybox=\"mesmerize-gallery-1-group\" href='https:\/\/www.vs-waldthurn.de\/wp-content\/uploads\/2025\/12\/IMG-20251219-WA0016.jpg'><img loading=\"lazy\" decoding=\"async\"  width=\"225\" height=\"300\" src=\"https:\/\/www.vs-waldthurn.de\/wp-content\/uploads\/2025\/12\/IMG-20251219-WA0016-225x300.jpg\"  class='mesmerize-gallery-1-image' alt=\"\" srcset=\"https:\/\/www.vs-waldthurn.de\/wp-content\/uploads\/2025\/12\/IMG-20251219-WA0016-225x300.jpg 225w, https:\/\/www.vs-waldthurn.de\/wp-content\/uploads\/2025\/12\/IMG-20251219-WA0016-768x1024.jpg 768w, https:\/\/www.vs-waldthurn.de\/wp-content\/uploads\/2025\/12\/IMG-20251219-WA0016-1152x1536.jpg 1152w, https:\/\/www.vs-waldthurn.de\/wp-content\/uploads\/2025\/12\/IMG-20251219-WA0016-1024x1365.jpg 1024w, https:\/\/www.vs-waldthurn.de\/wp-content\/uploads\/2025\/12\/IMG-20251219-WA0016-810x1080.jpg 810w, https:\/\/www.vs-waldthurn.de\/wp-content\/uploads\/2025\/12\/IMG-20251219-WA0016.jpg 1512w\" sizes=\"auto, (max-width: 225px) 100vw, 225px\" \/><\/a>\n\t\t\t<\/dt><\/dl><dl class='gallery-item'>\n\t\t\t<dt class='gallery-icon landscape'>\n\t\t\t\t<a data-fancybox=\"mesmerize-gallery-1-group\" href='https:\/\/www.vs-waldthurn.de\/wp-content\/uploads\/2025\/12\/IMG-20251219-WA0022-1.jpg'><img loading=\"lazy\" decoding=\"async\"  width=\"300\" height=\"225\" src=\"https:\/\/www.vs-waldthurn.de\/wp-content\/uploads\/2025\/12\/IMG-20251219-WA0022-1-300x225.jpg\"  class='mesmerize-gallery-1-image' alt=\"\" srcset=\"https:\/\/www.vs-waldthurn.de\/wp-content\/uploads\/2025\/12\/IMG-20251219-WA0022-1-300x225.jpg 300w, https:\/\/www.vs-waldthurn.de\/wp-content\/uploads\/2025\/12\/IMG-20251219-WA0022-1-1024x768.jpg 1024w, https:\/\/www.vs-waldthurn.de\/wp-content\/uploads\/2025\/12\/IMG-20251219-WA0022-1-768x576.jpg 768w, https:\/\/www.vs-waldthurn.de\/wp-content\/uploads\/2025\/12\/IMG-20251219-WA0022-1-1536x1152.jpg 1536w, https:\/\/www.vs-waldthurn.de\/wp-content\/uploads\/2025\/12\/IMG-20251219-WA0022-1-1440x1080.jpg 1440w, https:\/\/www.vs-waldthurn.de\/wp-content\/uploads\/2025\/12\/IMG-20251219-WA0022-1.jpg 2016w\" sizes=\"auto, (max-width: 300px) 100vw, 300px\" \/><\/a>\n\t\t\t<\/dt><\/dl>\n\t\t<\/div>\n<script>(function($){window.MaterialisCaptionsGallery && window.MaterialisCaptionsGallery($('[data-unique-id=\"mesmerize-gallery-1-69f4633e6761a\"]'))})(jQuery)<\/script><\/div><\/div><\/div> <\/div><\/div><div  data-label=\"Gallery\" data-id=\"gallery--16\" data-export-id=\"gallery-2\" data-category=\"gallery\" class=\"gallery-2 content-section content-section-spacing\" id=\"gallery-16\" style=\"background-color: rgb(245, 250, 253);\"><div  class=\"\"> <div  class=\"row\"><div  class=\"col-xs-12 full-no-padding\" data-editable=\"true\" data-content-shortcode=\"mesmerize_gallery id=&quot;mesmerize-gallery-2&quot; columns=&quot;3&quot; ids=&quot;1680,1682,1681&quot; lb=&quot;1&quot; masonry=&quot;0&quot; size=&quot;medium&quot; link=&quot;file&quot; \"><div id='mesmerize-gallery-2' class='gallery-wrapper'><style type=\"text\/css\">\n                    @media only screen and (min-width: 768px) {\n                    [data-unique-id='mesmerize-gallery-2-69f4633e67f7f'] dl {\n                        float: left;\n                        width: 33.333333333333% !important;\n                        max-width:  33.333333333333% !important;\n                        min-width:  33.333333333333% !important;\n                    }\n\n                    [data-unique-id='mesmerize-gallery-2-69f4633e67f7f'] dl:nth-of-type(3n +1 ) {\n                      clear: both;\n                      }\n                    }\n                <\/style><div id='mesmerize-gallery-2' class='mesmerize-gallery-2-dls-wrapper gallery-items-wrapper materialis-gallery' data-unique-id='mesmerize-gallery-2-69f4633e67f7f'><dl class='gallery-item'>\n\t\t\t<dt class='gallery-icon portrait'>\n\t\t\t\t<a data-fancybox=\"mesmerize-gallery-2-group\" href='https:\/\/www.vs-waldthurn.de\/wp-content\/uploads\/2025\/12\/JB_2026__Aufsatzschreiben_Seite_1-scaled.jpg'><img loading=\"lazy\" decoding=\"async\"  width=\"212\" height=\"300\" src=\"https:\/\/www.vs-waldthurn.de\/wp-content\/uploads\/2025\/12\/JB_2026__Aufsatzschreiben_Seite_1-212x300.jpg\"  class='mesmerize-gallery-2-image' alt=\"\" srcset=\"https:\/\/www.vs-waldthurn.de\/wp-content\/uploads\/2025\/12\/JB_2026__Aufsatzschreiben_Seite_1-212x300.jpg 212w, https:\/\/www.vs-waldthurn.de\/wp-content\/uploads\/2025\/12\/JB_2026__Aufsatzschreiben_Seite_1-724x1024.jpg 724w, https:\/\/www.vs-waldthurn.de\/wp-content\/uploads\/2025\/12\/JB_2026__Aufsatzschreiben_Seite_1-768x1086.jpg 768w, https:\/\/www.vs-waldthurn.de\/wp-content\/uploads\/2025\/12\/JB_2026__Aufsatzschreiben_Seite_1-1086x1536.jpg 1086w, https:\/\/www.vs-waldthurn.de\/wp-content\/uploads\/2025\/12\/JB_2026__Aufsatzschreiben_Seite_1-1448x2048.jpg 1448w, https:\/\/www.vs-waldthurn.de\/wp-content\/uploads\/2025\/12\/JB_2026__Aufsatzschreiben_Seite_1-1024x1448.jpg 1024w, https:\/\/www.vs-waldthurn.de\/wp-content\/uploads\/2025\/12\/JB_2026__Aufsatzschreiben_Seite_1-764x1080.jpg 764w, https:\/\/www.vs-waldthurn.de\/wp-content\/uploads\/2025\/12\/JB_2026__Aufsatzschreiben_Seite_1-scaled.jpg 1810w\" sizes=\"auto, (max-width: 212px) 100vw, 212px\" \/><\/a>\n\t\t\t<\/dt><\/dl><dl class='gallery-item'>\n\t\t\t<dt class='gallery-icon portrait'>\n\t\t\t\t<a data-fancybox=\"mesmerize-gallery-2-group\" href='https:\/\/www.vs-waldthurn.de\/wp-content\/uploads\/2025\/12\/JB_26__Vorarbeiten__Aufsatzschreiben_Blatt_2-scaled.jpg'><img loading=\"lazy\" decoding=\"async\"  width=\"212\" height=\"300\" src=\"https:\/\/www.vs-waldthurn.de\/wp-content\/uploads\/2025\/12\/JB_26__Vorarbeiten__Aufsatzschreiben_Blatt_2-212x300.jpg\"  class='mesmerize-gallery-2-image' alt=\"\" srcset=\"https:\/\/www.vs-waldthurn.de\/wp-content\/uploads\/2025\/12\/JB_26__Vorarbeiten__Aufsatzschreiben_Blatt_2-212x300.jpg 212w, https:\/\/www.vs-waldthurn.de\/wp-content\/uploads\/2025\/12\/JB_26__Vorarbeiten__Aufsatzschreiben_Blatt_2-724x1024.jpg 724w, https:\/\/www.vs-waldthurn.de\/wp-content\/uploads\/2025\/12\/JB_26__Vorarbeiten__Aufsatzschreiben_Blatt_2-768x1086.jpg 768w, https:\/\/www.vs-waldthurn.de\/wp-content\/uploads\/2025\/12\/JB_26__Vorarbeiten__Aufsatzschreiben_Blatt_2-1086x1536.jpg 1086w, https:\/\/www.vs-waldthurn.de\/wp-content\/uploads\/2025\/12\/JB_26__Vorarbeiten__Aufsatzschreiben_Blatt_2-1448x2048.jpg 1448w, https:\/\/www.vs-waldthurn.de\/wp-content\/uploads\/2025\/12\/JB_26__Vorarbeiten__Aufsatzschreiben_Blatt_2-1024x1448.jpg 1024w, https:\/\/www.vs-waldthurn.de\/wp-content\/uploads\/2025\/12\/JB_26__Vorarbeiten__Aufsatzschreiben_Blatt_2-764x1080.jpg 764w, https:\/\/www.vs-waldthurn.de\/wp-content\/uploads\/2025\/12\/JB_26__Vorarbeiten__Aufsatzschreiben_Blatt_2-scaled.jpg 1810w\" sizes=\"auto, (max-width: 212px) 100vw, 212px\" \/><\/a>\n\t\t\t<\/dt><\/dl><dl class='gallery-item'>\n\t\t\t<dt class='gallery-icon portrait'>\n\t\t\t\t<a data-fancybox=\"mesmerize-gallery-2-group\" href='https:\/\/www.vs-waldthurn.de\/wp-content\/uploads\/2025\/12\/JB_26__Vorarbeiten__Aufsatzschreiben_Blatt_3-scaled.jpg'><img loading=\"lazy\" decoding=\"async\"  width=\"212\" height=\"300\" src=\"https:\/\/www.vs-waldthurn.de\/wp-content\/uploads\/2025\/12\/JB_26__Vorarbeiten__Aufsatzschreiben_Blatt_3-212x300.jpg\"  class='mesmerize-gallery-2-image' alt=\"\" srcset=\"https:\/\/www.vs-waldthurn.de\/wp-content\/uploads\/2025\/12\/JB_26__Vorarbeiten__Aufsatzschreiben_Blatt_3-212x300.jpg 212w, https:\/\/www.vs-waldthurn.de\/wp-content\/uploads\/2025\/12\/JB_26__Vorarbeiten__Aufsatzschreiben_Blatt_3-724x1024.jpg 724w, https:\/\/www.vs-waldthurn.de\/wp-content\/uploads\/2025\/12\/JB_26__Vorarbeiten__Aufsatzschreiben_Blatt_3-768x1086.jpg 768w, https:\/\/www.vs-waldthurn.de\/wp-content\/uploads\/2025\/12\/JB_26__Vorarbeiten__Aufsatzschreiben_Blatt_3-1086x1536.jpg 1086w, https:\/\/www.vs-waldthurn.de\/wp-content\/uploads\/2025\/12\/JB_26__Vorarbeiten__Aufsatzschreiben_Blatt_3-1448x2048.jpg 1448w, https:\/\/www.vs-waldthurn.de\/wp-content\/uploads\/2025\/12\/JB_26__Vorarbeiten__Aufsatzschreiben_Blatt_3-1024x1448.jpg 1024w, https:\/\/www.vs-waldthurn.de\/wp-content\/uploads\/2025\/12\/JB_26__Vorarbeiten__Aufsatzschreiben_Blatt_3-764x1080.jpg 764w, https:\/\/www.vs-waldthurn.de\/wp-content\/uploads\/2025\/12\/JB_26__Vorarbeiten__Aufsatzschreiben_Blatt_3-scaled.jpg 1810w\" sizes=\"auto, (max-width: 212px) 100vw, 212px\" \/><\/a>\n\t\t\t<\/dt><\/dl>\n\t\t<\/div>\n<script>(function($){window.MaterialisCaptionsGallery && window.MaterialisCaptionsGallery($('[data-unique-id=\"mesmerize-gallery-2-69f4633e67f7f\"]'))})(jQuery)<\/script><\/div><\/div><\/div> <\/div><\/div><div  data-label=\"Gallery\" data-id=\"gallery--14\" data-export-id=\"gallery-2\" data-category=\"gallery\" class=\"gallery-2 content-section content-section-spacing\" id=\"gallery-14\" style=\"background-color: rgb(245, 250, 253);\"><div  class=\"\"> <div  class=\"row\"><div  class=\"col-xs-12 full-no-padding\" data-editable=\"true\" data-content-shortcode=\"mesmerize_gallery id=&quot;mesmerize-gallery-2&quot; columns=&quot;3&quot; ids=&quot;1666,1667,1668,1669,1670,1671&quot; lb=&quot;1&quot; masonry=&quot;0&quot; size=&quot;medium&quot; link=&quot;file&quot; \"><div id='mesmerize-gallery-2' class='gallery-wrapper'><style type=\"text\/css\">\n                    @media only screen and (min-width: 768px) {\n                    [data-unique-id='mesmerize-gallery-2-69f4633e68bab'] dl {\n                        float: left;\n                        width: 33.333333333333% !important;\n                        max-width:  33.333333333333% !important;\n                        min-width:  33.333333333333% !important;\n                    }\n\n                    [data-unique-id='mesmerize-gallery-2-69f4633e68bab'] dl:nth-of-type(3n +1 ) {\n                      clear: both;\n                      }\n                    }\n                <\/style><div id='mesmerize-gallery-2' class='mesmerize-gallery-2-dls-wrapper gallery-items-wrapper materialis-gallery' data-unique-id='mesmerize-gallery-2-69f4633e68bab'><dl class='gallery-item'>\n\t\t\t<dt class='gallery-icon portrait'>\n\t\t\t\t<a data-fancybox=\"mesmerize-gallery-2-group\" href='https:\/\/www.vs-waldthurn.de\/wp-content\/uploads\/2025\/12\/0001.jpg'><img loading=\"lazy\" decoding=\"async\"  width=\"212\" height=\"300\" src=\"https:\/\/www.vs-waldthurn.de\/wp-content\/uploads\/2025\/12\/0001-212x300.jpg\"  class='mesmerize-gallery-2-image' alt=\"\" srcset=\"https:\/\/www.vs-waldthurn.de\/wp-content\/uploads\/2025\/12\/0001-212x300.jpg 212w, https:\/\/www.vs-waldthurn.de\/wp-content\/uploads\/2025\/12\/0001-724x1024.jpg 724w, https:\/\/www.vs-waldthurn.de\/wp-content\/uploads\/2025\/12\/0001-768x1086.jpg 768w, https:\/\/www.vs-waldthurn.de\/wp-content\/uploads\/2025\/12\/0001-1086x1536.jpg 1086w, https:\/\/www.vs-waldthurn.de\/wp-content\/uploads\/2025\/12\/0001-1024x1448.jpg 1024w, https:\/\/www.vs-waldthurn.de\/wp-content\/uploads\/2025\/12\/0001-764x1080.jpg 764w, https:\/\/www.vs-waldthurn.de\/wp-content\/uploads\/2025\/12\/0001.jpg 1190w\" sizes=\"auto, (max-width: 212px) 100vw, 212px\" \/><\/a>\n\t\t\t<\/dt><\/dl><dl class='gallery-item'>\n\t\t\t<dt class='gallery-icon portrait'>\n\t\t\t\t<a data-fancybox=\"mesmerize-gallery-2-group\" href='https:\/\/www.vs-waldthurn.de\/wp-content\/uploads\/2025\/12\/0002.jpg'><img loading=\"lazy\" decoding=\"async\"  width=\"212\" height=\"300\" src=\"https:\/\/www.vs-waldthurn.de\/wp-content\/uploads\/2025\/12\/0002-212x300.jpg\"  class='mesmerize-gallery-2-image' alt=\"\" srcset=\"https:\/\/www.vs-waldthurn.de\/wp-content\/uploads\/2025\/12\/0002-212x300.jpg 212w, https:\/\/www.vs-waldthurn.de\/wp-content\/uploads\/2025\/12\/0002-724x1024.jpg 724w, https:\/\/www.vs-waldthurn.de\/wp-content\/uploads\/2025\/12\/0002-768x1086.jpg 768w, https:\/\/www.vs-waldthurn.de\/wp-content\/uploads\/2025\/12\/0002-1086x1536.jpg 1086w, https:\/\/www.vs-waldthurn.de\/wp-content\/uploads\/2025\/12\/0002-1024x1448.jpg 1024w, https:\/\/www.vs-waldthurn.de\/wp-content\/uploads\/2025\/12\/0002-764x1080.jpg 764w, https:\/\/www.vs-waldthurn.de\/wp-content\/uploads\/2025\/12\/0002.jpg 1190w\" sizes=\"auto, (max-width: 212px) 100vw, 212px\" \/><\/a>\n\t\t\t<\/dt><\/dl><dl class='gallery-item'>\n\t\t\t<dt class='gallery-icon portrait'>\n\t\t\t\t<a data-fancybox=\"mesmerize-gallery-2-group\" href='https:\/\/www.vs-waldthurn.de\/wp-content\/uploads\/2025\/12\/0003.jpg'><img loading=\"lazy\" decoding=\"async\"  width=\"212\" height=\"300\" src=\"https:\/\/www.vs-waldthurn.de\/wp-content\/uploads\/2025\/12\/0003-212x300.jpg\"  class='mesmerize-gallery-2-image' alt=\"\" srcset=\"https:\/\/www.vs-waldthurn.de\/wp-content\/uploads\/2025\/12\/0003-212x300.jpg 212w, https:\/\/www.vs-waldthurn.de\/wp-content\/uploads\/2025\/12\/0003-724x1024.jpg 724w, https:\/\/www.vs-waldthurn.de\/wp-content\/uploads\/2025\/12\/0003-768x1086.jpg 768w, https:\/\/www.vs-waldthurn.de\/wp-content\/uploads\/2025\/12\/0003-1086x1536.jpg 1086w, https:\/\/www.vs-waldthurn.de\/wp-content\/uploads\/2025\/12\/0003-1024x1448.jpg 1024w, https:\/\/www.vs-waldthurn.de\/wp-content\/uploads\/2025\/12\/0003-764x1080.jpg 764w, https:\/\/www.vs-waldthurn.de\/wp-content\/uploads\/2025\/12\/0003.jpg 1190w\" sizes=\"auto, (max-width: 212px) 100vw, 212px\" \/><\/a>\n\t\t\t<\/dt><\/dl><dl class='gallery-item'>\n\t\t\t<dt class='gallery-icon portrait'>\n\t\t\t\t<a data-fancybox=\"mesmerize-gallery-2-group\" href='https:\/\/www.vs-waldthurn.de\/wp-content\/uploads\/2025\/12\/0004.jpg'><img loading=\"lazy\" decoding=\"async\"  width=\"212\" height=\"300\" src=\"https:\/\/www.vs-waldthurn.de\/wp-content\/uploads\/2025\/12\/0004-212x300.jpg\"  class='mesmerize-gallery-2-image' alt=\"\" srcset=\"https:\/\/www.vs-waldthurn.de\/wp-content\/uploads\/2025\/12\/0004-212x300.jpg 212w, https:\/\/www.vs-waldthurn.de\/wp-content\/uploads\/2025\/12\/0004-724x1024.jpg 724w, https:\/\/www.vs-waldthurn.de\/wp-content\/uploads\/2025\/12\/0004-768x1086.jpg 768w, https:\/\/www.vs-waldthurn.de\/wp-content\/uploads\/2025\/12\/0004-1086x1536.jpg 1086w, https:\/\/www.vs-waldthurn.de\/wp-content\/uploads\/2025\/12\/0004-1024x1448.jpg 1024w, https:\/\/www.vs-waldthurn.de\/wp-content\/uploads\/2025\/12\/0004-764x1080.jpg 764w, https:\/\/www.vs-waldthurn.de\/wp-content\/uploads\/2025\/12\/0004.jpg 1190w\" sizes=\"auto, (max-width: 212px) 100vw, 212px\" \/><\/a>\n\t\t\t<\/dt><\/dl><dl class='gallery-item'>\n\t\t\t<dt class='gallery-icon portrait'>\n\t\t\t\t<a data-fancybox=\"mesmerize-gallery-2-group\" href='https:\/\/www.vs-waldthurn.de\/wp-content\/uploads\/2025\/12\/0005.jpg'><img loading=\"lazy\" decoding=\"async\"  width=\"212\" height=\"300\" src=\"https:\/\/www.vs-waldthurn.de\/wp-content\/uploads\/2025\/12\/0005-212x300.jpg\"  class='mesmerize-gallery-2-image' alt=\"\" srcset=\"https:\/\/www.vs-waldthurn.de\/wp-content\/uploads\/2025\/12\/0005-212x300.jpg 212w, https:\/\/www.vs-waldthurn.de\/wp-content\/uploads\/2025\/12\/0005-724x1024.jpg 724w, https:\/\/www.vs-waldthurn.de\/wp-content\/uploads\/2025\/12\/0005-768x1086.jpg 768w, https:\/\/www.vs-waldthurn.de\/wp-content\/uploads\/2025\/12\/0005-1086x1536.jpg 1086w, https:\/\/www.vs-waldthurn.de\/wp-content\/uploads\/2025\/12\/0005-1024x1448.jpg 1024w, https:\/\/www.vs-waldthurn.de\/wp-content\/uploads\/2025\/12\/0005-764x1080.jpg 764w, https:\/\/www.vs-waldthurn.de\/wp-content\/uploads\/2025\/12\/0005.jpg 1190w\" sizes=\"auto, (max-width: 212px) 100vw, 212px\" \/><\/a>\n\t\t\t<\/dt><\/dl><dl class='gallery-item'>\n\t\t\t<dt class='gallery-icon portrait'>\n\t\t\t\t<a data-fancybox=\"mesmerize-gallery-2-group\" href='https:\/\/www.vs-waldthurn.de\/wp-content\/uploads\/2025\/12\/0006.jpg'><img loading=\"lazy\" decoding=\"async\"  width=\"212\" height=\"300\" src=\"https:\/\/www.vs-waldthurn.de\/wp-content\/uploads\/2025\/12\/0006-212x300.jpg\"  class='mesmerize-gallery-2-image' alt=\"\" srcset=\"https:\/\/www.vs-waldthurn.de\/wp-content\/uploads\/2025\/12\/0006-212x300.jpg 212w, https:\/\/www.vs-waldthurn.de\/wp-content\/uploads\/2025\/12\/0006-724x1024.jpg 724w, https:\/\/www.vs-waldthurn.de\/wp-content\/uploads\/2025\/12\/0006-768x1086.jpg 768w, https:\/\/www.vs-waldthurn.de\/wp-content\/uploads\/2025\/12\/0006-1086x1536.jpg 1086w, https:\/\/www.vs-waldthurn.de\/wp-content\/uploads\/2025\/12\/0006-1024x1448.jpg 1024w, https:\/\/www.vs-waldthurn.de\/wp-content\/uploads\/2025\/12\/0006-764x1080.jpg 764w, https:\/\/www.vs-waldthurn.de\/wp-content\/uploads\/2025\/12\/0006.jpg 1190w\" sizes=\"auto, (max-width: 212px) 100vw, 212px\" \/><\/a>\n\t\t\t<\/dt><\/dl>\n\t\t<\/div>\n<script>(function($){window.MaterialisCaptionsGallery && window.MaterialisCaptionsGallery($('[data-unique-id=\"mesmerize-gallery-2-69f4633e68bab\"]'))})(jQuery)<\/script><\/div><\/div><\/div> <\/div><\/div><div  data-label=\"About\" data-id=\"about--2\" data-export-id=\"about-5\" data-category=\"about\" class=\"about-5 content-section content-section-spacing\" id=\"about-2\" style=\"background-color: rgb(245, 250, 253);\"><div  class=\"gridContainer\"> <div  class=\"row middle-sm text-center\"><div  class=\"col-sm-6 space-bottom-xs\" data-type=\"column\">  <h2  class=\"\" data-lt-tmp-id=\"lt-921603\" data-gramm=\"false\"><span  style=\"font-weight: 300;\">Entdeckungsreise in den Zahlenraum<\/span> \u2013 <span  style=\"font-family: Allan, arial, helvetica, sans-serif;\">Viertkl\u00e4ssler erkunden die Welt der gro\u00dfen Zahlen<\/span><\/h2> <p  class=\"\" data-lt-tmp-id=\"lt-610977\" data-gramm=\"false\" style=\"text-align: left;\">Im November begaben sich die Sch\u00fclerinnen und Sch\u00fcler der Klasse 4 auf eine spannende Reise in den Zahlenraum bis zur Million. Bevor es jedoch \u201ehoch hinaus\u201c ging, stand eine wichtige Zwischenstation auf dem Programm: das Erkunden des Zahlenraums bis 10000.\n<br ><br ><br >\nMit Hilfe einer Stellenwerttafel und farbigen Muggelsteinen machten die Kinder grundlegende Zahlbegriffe sichtbar und begreifbar. Jede Stelle \u2013 Tausender, Hunderter, Zehner und Einer \u2013 wurde durch passende Steine belegt. Die Kinder legten verschiedene Zahlen, tauschten Steine aus und erkl\u00e4rten einander, welche Zahl sie dargestellt hatten. So wurde nicht nur das Verst\u00e4ndnis f\u00fcr Stellenwerte gest\u00e4rkt, sondern auch die korrekte Benennung gro\u00dfer Zahlen weiter ge\u00fcbt.\n<br ><br ><br >\nBesonders spannend wurde es, als die Sch\u00fclerinnen und Sch\u00fcler erforschten, wie sich eine Zahl ver\u00e4ndert, wenn Steine verschoben oder ausgetauscht werden. Was passiert, wenn ein Hunderterstein zu den Zehnern wandert? Wie ver\u00e4ndert sich die Zahl, wenn ein Tausenderstein hinzukommt oder entfernt wird? \n<br >(geschrieben von Kristina Weidner)<\/p> <\/div> <div  class=\"col-sm-6 flexbox image-group-right-2 around-xs top-xs space-bottom-xs\"><div  class=\"left-el\"> <img  decoding=\"async\" class=\"shadow-large\" data-size=\"300x430\" src=\"https:\/\/www.vs-waldthurn.de\/wp-content\/uploads\/2025\/11\/cropped-Bild-Bericht-SW1.jpg\" title=\"cropped-Bild-Bericht-SW1.jpg\" alt=\"\" data-lt-tmp-id=\"lt-954108\" data-gramm=\"false\"><\/div> <div  class=\"right-el\"> <img  decoding=\"async\" class=\"shadow-large\" data-size=\"300x430\" src=\"https:\/\/www.vs-waldthurn.de\/wp-content\/uploads\/2025\/11\/cropped-Bild-Bericht-SW2.jpg\" title=\"cropped-Bild-Bericht-SW2.jpg\" alt=\"\"><\/div> <div  class=\"center-overlay inner-shadow border-large\"><\/div><\/div> <\/div><\/div> <\/div><div  data-label=\"Gallery\" data-id=\"gallery--13\" data-export-id=\"gallery-1\" data-category=\"gallery\" class=\"gallery-1 content-section content-section-spacing\" id=\"gallery-13\" style=\"background-color: rgb(245, 250, 253);\"><div  class=\"gridContainer\"> <div  class=\"row\"><div  class=\"section-title-col\" data-type=\"column\"> <h2  class=\"\" data-lt-tmp-id=\"lt-819747\" data-gramm=\"false\">21.November<\/h2> <p  class=\"lead\" data-lt-tmp-id=\"lt-164455\" data-gramm=\"false\">Bundesweiter Vorlesetag (Klasse 3)<\/p><\/div> <\/div> <div  class=\"row text-center\"> <div  class=\"col-xs-12\" data-editable=\"true\" data-content-shortcode=\"mesmerize_gallery id=&quot;mesmerize-gallery-1&quot; columns=&quot;3&quot; ids=&quot;1645,1646,1647,1648,1651,1652,1653&quot; lb=&quot;1&quot; masonry=&quot;1&quot; size=&quot;medium&quot; link=&quot;file&quot; \"><div id='mesmerize-gallery-1' class='gallery-wrapper'><style type=\"text\/css\">\n                    @media only screen and (min-width: 768px) {\n                    [data-unique-id='mesmerize-gallery-1-69f4633e696e3'] dl {\n                        float: left;\n                        width: 33.333333333333% !important;\n                        max-width:  33.333333333333% !important;\n                        min-width:  33.333333333333% !important;\n                    }\n\n                    [data-unique-id='mesmerize-gallery-1-69f4633e696e3'] dl:nth-of-type(3n +1 ) {\n                      clear: both;\n                      }\n                    }\n                <\/style><div id='mesmerize-gallery-1' class='mesmerize-gallery-1-dls-wrapper gallery-items-wrapper materialis-gallery' data-unique-id='mesmerize-gallery-1-69f4633e696e3'><dl class='gallery-item'>\n\t\t\t<dt class='gallery-icon portrait'>\n\t\t\t\t<a data-fancybox=\"mesmerize-gallery-1-group\" href='https:\/\/www.vs-waldthurn.de\/wp-content\/uploads\/2025\/11\/20251121_104306.jpg'><img loading=\"lazy\" decoding=\"async\"  width=\"293\" height=\"300\" src=\"https:\/\/www.vs-waldthurn.de\/wp-content\/uploads\/2025\/11\/20251121_104306-293x300.jpg\"  class='mesmerize-gallery-1-image' alt=\"\" srcset=\"https:\/\/www.vs-waldthurn.de\/wp-content\/uploads\/2025\/11\/20251121_104306-293x300.jpg 293w, https:\/\/www.vs-waldthurn.de\/wp-content\/uploads\/2025\/11\/20251121_104306-1000x1024.jpg 1000w, https:\/\/www.vs-waldthurn.de\/wp-content\/uploads\/2025\/11\/20251121_104306-768x786.jpg 768w, https:\/\/www.vs-waldthurn.de\/wp-content\/uploads\/2025\/11\/20251121_104306-1500x1536.jpg 1500w, https:\/\/www.vs-waldthurn.de\/wp-content\/uploads\/2025\/11\/20251121_104306-1024x1049.jpg 1024w, https:\/\/www.vs-waldthurn.de\/wp-content\/uploads\/2025\/11\/20251121_104306-1055x1080.jpg 1055w, https:\/\/www.vs-waldthurn.de\/wp-content\/uploads\/2025\/11\/20251121_104306.jpg 1755w\" sizes=\"auto, (max-width: 293px) 100vw, 293px\" \/><\/a>\n\t\t\t<\/dt><\/dl><dl class='gallery-item'>\n\t\t\t<dt class='gallery-icon landscape'>\n\t\t\t\t<a data-fancybox=\"mesmerize-gallery-1-group\" href='https:\/\/www.vs-waldthurn.de\/wp-content\/uploads\/2025\/11\/20251121_104208-scaled.jpg'><img loading=\"lazy\" decoding=\"async\"  width=\"300\" height=\"169\" src=\"https:\/\/www.vs-waldthurn.de\/wp-content\/uploads\/2025\/11\/20251121_104208-300x169.jpg\"  class='mesmerize-gallery-1-image' alt=\"\" srcset=\"https:\/\/www.vs-waldthurn.de\/wp-content\/uploads\/2025\/11\/20251121_104208-300x169.jpg 300w, https:\/\/www.vs-waldthurn.de\/wp-content\/uploads\/2025\/11\/20251121_104208-1024x576.jpg 1024w, https:\/\/www.vs-waldthurn.de\/wp-content\/uploads\/2025\/11\/20251121_104208-768x432.jpg 768w, https:\/\/www.vs-waldthurn.de\/wp-content\/uploads\/2025\/11\/20251121_104208-1536x864.jpg 1536w, https:\/\/www.vs-waldthurn.de\/wp-content\/uploads\/2025\/11\/20251121_104208-2048x1152.jpg 2048w, https:\/\/www.vs-waldthurn.de\/wp-content\/uploads\/2025\/11\/20251121_104208-1920x1080.jpg 1920w\" sizes=\"auto, (max-width: 300px) 100vw, 300px\" \/><\/a>\n\t\t\t<\/dt><\/dl><dl class='gallery-item'>\n\t\t\t<dt class='gallery-icon landscape'>\n\t\t\t\t<a data-fancybox=\"mesmerize-gallery-1-group\" href='https:\/\/www.vs-waldthurn.de\/wp-content\/uploads\/2025\/11\/20251121_104212-scaled.jpg'><img loading=\"lazy\" decoding=\"async\"  width=\"300\" height=\"169\" src=\"https:\/\/www.vs-waldthurn.de\/wp-content\/uploads\/2025\/11\/20251121_104212-300x169.jpg\"  class='mesmerize-gallery-1-image' alt=\"\" srcset=\"https:\/\/www.vs-waldthurn.de\/wp-content\/uploads\/2025\/11\/20251121_104212-300x169.jpg 300w, https:\/\/www.vs-waldthurn.de\/wp-content\/uploads\/2025\/11\/20251121_104212-1024x576.jpg 1024w, https:\/\/www.vs-waldthurn.de\/wp-content\/uploads\/2025\/11\/20251121_104212-768x432.jpg 768w, https:\/\/www.vs-waldthurn.de\/wp-content\/uploads\/2025\/11\/20251121_104212-1536x864.jpg 1536w, https:\/\/www.vs-waldthurn.de\/wp-content\/uploads\/2025\/11\/20251121_104212-2048x1152.jpg 2048w, https:\/\/www.vs-waldthurn.de\/wp-content\/uploads\/2025\/11\/20251121_104212-1920x1080.jpg 1920w\" sizes=\"auto, (max-width: 300px) 100vw, 300px\" \/><\/a>\n\t\t\t<\/dt><\/dl><dl class='gallery-item'>\n\t\t\t<dt class='gallery-icon landscape'>\n\t\t\t\t<a data-fancybox=\"mesmerize-gallery-1-group\" href='https:\/\/www.vs-waldthurn.de\/wp-content\/uploads\/2025\/11\/20251121_104223-scaled.jpg'><img loading=\"lazy\" decoding=\"async\"  width=\"300\" height=\"194\" src=\"https:\/\/www.vs-waldthurn.de\/wp-content\/uploads\/2025\/11\/20251121_104223-300x194.jpg\"  class='mesmerize-gallery-1-image' alt=\"\" srcset=\"https:\/\/www.vs-waldthurn.de\/wp-content\/uploads\/2025\/11\/20251121_104223-300x194.jpg 300w, https:\/\/www.vs-waldthurn.de\/wp-content\/uploads\/2025\/11\/20251121_104223-1024x661.jpg 1024w, https:\/\/www.vs-waldthurn.de\/wp-content\/uploads\/2025\/11\/20251121_104223-768x496.jpg 768w, https:\/\/www.vs-waldthurn.de\/wp-content\/uploads\/2025\/11\/20251121_104223-1536x992.jpg 1536w, https:\/\/www.vs-waldthurn.de\/wp-content\/uploads\/2025\/11\/20251121_104223-2048x1323.jpg 2048w, https:\/\/www.vs-waldthurn.de\/wp-content\/uploads\/2025\/11\/20251121_104223-1672x1080.jpg 1672w\" sizes=\"auto, (max-width: 300px) 100vw, 300px\" \/><\/a>\n\t\t\t<\/dt><\/dl><dl class='gallery-item'>\n\t\t\t<dt class='gallery-icon landscape'>\n\t\t\t\t<a data-fancybox=\"mesmerize-gallery-1-group\" href='https:\/\/www.vs-waldthurn.de\/wp-content\/uploads\/2025\/11\/20251121_104230-scaled.jpg'><img loading=\"lazy\" decoding=\"async\"  width=\"300\" height=\"169\" src=\"https:\/\/www.vs-waldthurn.de\/wp-content\/uploads\/2025\/11\/20251121_104230-300x169.jpg\"  class='mesmerize-gallery-1-image' alt=\"\" srcset=\"https:\/\/www.vs-waldthurn.de\/wp-content\/uploads\/2025\/11\/20251121_104230-300x169.jpg 300w, https:\/\/www.vs-waldthurn.de\/wp-content\/uploads\/2025\/11\/20251121_104230-1024x576.jpg 1024w, https:\/\/www.vs-waldthurn.de\/wp-content\/uploads\/2025\/11\/20251121_104230-768x432.jpg 768w, https:\/\/www.vs-waldthurn.de\/wp-content\/uploads\/2025\/11\/20251121_104230-1536x864.jpg 1536w, https:\/\/www.vs-waldthurn.de\/wp-content\/uploads\/2025\/11\/20251121_104230-2048x1152.jpg 2048w, https:\/\/www.vs-waldthurn.de\/wp-content\/uploads\/2025\/11\/20251121_104230-1920x1080.jpg 1920w\" sizes=\"auto, (max-width: 300px) 100vw, 300px\" \/><\/a>\n\t\t\t<\/dt><\/dl><dl class='gallery-item'>\n\t\t\t<dt class='gallery-icon landscape'>\n\t\t\t\t<a data-fancybox=\"mesmerize-gallery-1-group\" href='https:\/\/www.vs-waldthurn.de\/wp-content\/uploads\/2025\/11\/20251121_104235-scaled.jpg'><img loading=\"lazy\" decoding=\"async\"  width=\"300\" height=\"169\" src=\"https:\/\/www.vs-waldthurn.de\/wp-content\/uploads\/2025\/11\/20251121_104235-300x169.jpg\"  class='mesmerize-gallery-1-image' alt=\"\" srcset=\"https:\/\/www.vs-waldthurn.de\/wp-content\/uploads\/2025\/11\/20251121_104235-300x169.jpg 300w, https:\/\/www.vs-waldthurn.de\/wp-content\/uploads\/2025\/11\/20251121_104235-1024x576.jpg 1024w, https:\/\/www.vs-waldthurn.de\/wp-content\/uploads\/2025\/11\/20251121_104235-768x432.jpg 768w, https:\/\/www.vs-waldthurn.de\/wp-content\/uploads\/2025\/11\/20251121_104235-1536x864.jpg 1536w, https:\/\/www.vs-waldthurn.de\/wp-content\/uploads\/2025\/11\/20251121_104235-2048x1152.jpg 2048w, https:\/\/www.vs-waldthurn.de\/wp-content\/uploads\/2025\/11\/20251121_104235-1920x1080.jpg 1920w\" sizes=\"auto, (max-width: 300px) 100vw, 300px\" \/><\/a>\n\t\t\t<\/dt><\/dl><dl class='gallery-item'>\n\t\t\t<dt class='gallery-icon landscape'>\n\t\t\t\t<a data-fancybox=\"mesmerize-gallery-1-group\" href='https:\/\/www.vs-waldthurn.de\/wp-content\/uploads\/2025\/11\/20251121_104241-scaled.jpg'><img loading=\"lazy\" decoding=\"async\"  width=\"300\" height=\"169\" src=\"https:\/\/www.vs-waldthurn.de\/wp-content\/uploads\/2025\/11\/20251121_104241-300x169.jpg\"  class='mesmerize-gallery-1-image' alt=\"\" srcset=\"https:\/\/www.vs-waldthurn.de\/wp-content\/uploads\/2025\/11\/20251121_104241-300x169.jpg 300w, https:\/\/www.vs-waldthurn.de\/wp-content\/uploads\/2025\/11\/20251121_104241-1024x576.jpg 1024w, https:\/\/www.vs-waldthurn.de\/wp-content\/uploads\/2025\/11\/20251121_104241-768x432.jpg 768w, https:\/\/www.vs-waldthurn.de\/wp-content\/uploads\/2025\/11\/20251121_104241-1536x864.jpg 1536w, https:\/\/www.vs-waldthurn.de\/wp-content\/uploads\/2025\/11\/20251121_104241-2048x1152.jpg 2048w, https:\/\/www.vs-waldthurn.de\/wp-content\/uploads\/2025\/11\/20251121_104241-1920x1080.jpg 1920w\" sizes=\"auto, (max-width: 300px) 100vw, 300px\" \/><\/a>\n\t\t\t<\/dt><\/dl>\n\t\t\t\n\t\t<\/div>\n<script>(function($){window.MaterialisCaptionsGallery && window.MaterialisCaptionsGallery($('[data-unique-id=\"mesmerize-gallery-1-69f4633e696e3\"]'))})(jQuery)<\/script><\/div><\/div><\/div> <\/div><\/div><div  data-label=\"Gallery\" data-id=\"gallery--12\" data-export-id=\"gallery-1\" data-category=\"gallery\" class=\"gallery-1 content-section content-section-spacing\" id=\"gallery-12\" style=\"background-color: rgb(245, 250, 253);\"><div  class=\"gridContainer\"> <div  class=\"row\"><div  class=\"section-title-col\" data-type=\"column\"> <h2  class=\"\" data-lt-tmp-id=\"lt-312375\" data-gramm=\"false\"><span  style=\"font-weight: 400;\">Tolle Ergebnisse der Klasse 4 beim Stricken und H\u00e4keln<\/span><\/h2> <p  class=\"lead\">\n<br ><span  style=\"font-weight: 600;\">Bunt sind schon die W\u00e4lder und unsere sch\u00f6nen Strickwerke<\/span><br ><span  style=\"font-weight: 600;\">\n(geschrieben von Kristina Weidner)<\/span><br >Der Herbst beschenkt uns mit bunten Bl\u00e4ttern, aber auch mit k\u00fcrzeren Tagen, mehr<br >\nRegenwolken und k\u00e4lteren Temperaturen.<br >\nMit Unterst\u00fctzung ihrer WG-Lehrerin Frau Elisabeth Koller sind die Sch\u00fcler der<br >\n4.Klasse aber bestens daf\u00fcr vorbereitet und k\u00f6nnen sich k\u00fcnftig mit einem selbst<br >\ngestrickten Schal w\u00e4rmen. Erarbeitet am Strickbrett \u00fcberzeugen die Ergebnisse auch<br >\noptisch. Zuhause stricken und h\u00e4keln einige Sch\u00fcler noch begeistert weiter. Ob<br >\nM\u00fctze, Schal, Dekoblume oder farbenfrohe Decke- auch f\u00fcr den Winter sind wir jetzt<br >\nbestens ger\u00fcstet.<\/p><\/div> <\/div> <div  class=\"row text-center\"> <div  class=\"col-xs-12\" data-editable=\"true\" data-content-shortcode=\"mesmerize_gallery id=&quot;mesmerize-gallery-1&quot; columns=&quot;1&quot; ids=&quot;1637&quot; lb=&quot;1&quot; masonry=&quot;1&quot; size=&quot;medium&quot; link=&quot;file&quot; \"><div id='mesmerize-gallery-1' class='gallery-wrapper'><style type=\"text\/css\">\n                    @media only screen and (min-width: 768px) {\n                    [data-unique-id='mesmerize-gallery-1-69f4633e6a24a'] dl {\n                        float: left;\n                        width: 100% !important;\n                        max-width:  100% !important;\n                        min-width:  100% !important;\n                    }\n\n                    [data-unique-id='mesmerize-gallery-1-69f4633e6a24a'] dl:nth-of-type(1n +1 ) {\n                      clear: both;\n                      }\n                    }\n                <\/style><div id='mesmerize-gallery-1' class='mesmerize-gallery-1-dls-wrapper gallery-items-wrapper materialis-gallery' data-unique-id='mesmerize-gallery-1-69f4633e6a24a'><dl class='gallery-item'>\n\t\t\t<dt class='gallery-icon landscape'>\n\t\t\t\t<a data-fancybox=\"mesmerize-gallery-1-group\" href='https:\/\/www.vs-waldthurn.de\/wp-content\/uploads\/2025\/11\/Foto-Kinder-Schals.jpg'><img loading=\"lazy\" decoding=\"async\"  width=\"300\" height=\"225\" src=\"https:\/\/www.vs-waldthurn.de\/wp-content\/uploads\/2025\/11\/Foto-Kinder-Schals-300x225.jpg\"  class='mesmerize-gallery-1-image' alt=\"\" srcset=\"https:\/\/www.vs-waldthurn.de\/wp-content\/uploads\/2025\/11\/Foto-Kinder-Schals-300x225.jpg 300w, https:\/\/www.vs-waldthurn.de\/wp-content\/uploads\/2025\/11\/Foto-Kinder-Schals-1024x768.jpg 1024w, https:\/\/www.vs-waldthurn.de\/wp-content\/uploads\/2025\/11\/Foto-Kinder-Schals-768x576.jpg 768w, https:\/\/www.vs-waldthurn.de\/wp-content\/uploads\/2025\/11\/Foto-Kinder-Schals.jpg 1080w\" sizes=\"auto, (max-width: 300px) 100vw, 300px\" \/><\/a>\n\t\t\t<\/dt><\/dl>\n\t\t<\/div>\n<script>(function($){window.MaterialisCaptionsGallery && window.MaterialisCaptionsGallery($('[data-unique-id=\"mesmerize-gallery-1-69f4633e6a24a\"]'))})(jQuery)<\/script><\/div><\/div><\/div> <\/div><\/div><div  data-label=\"Gallery\" data-id=\"gallery--11\" data-export-id=\"gallery-1\" data-category=\"gallery\" class=\"gallery-1 content-section content-section-spacing\" id=\"gallery-11\" style=\"background-color: rgb(245, 250, 253);\"><div  class=\"gridContainer\"> <div  class=\"row\"><div  class=\"section-title-col\" data-type=\"column\"> <h2  class=\"\">Ausbildung zum Juniorhelfer<\/h2> <\/div> <\/div> <div  class=\"row text-center\"> <div  class=\"col-xs-12\" data-editable=\"true\" data-content-shortcode=\"mesmerize_gallery id=&quot;mesmerize-gallery-1&quot; columns=&quot;1&quot; ids=&quot;1634&quot; lb=&quot;1&quot; masonry=&quot;1&quot; size=&quot;medium&quot; link=&quot;file&quot; \"><div id='mesmerize-gallery-1' class='gallery-wrapper'><style type=\"text\/css\">\n                    @media only screen and (min-width: 768px) {\n                    [data-unique-id='mesmerize-gallery-1-69f4633e6a7eb'] dl {\n                        float: left;\n                        width: 100% !important;\n                        max-width:  100% !important;\n                        min-width:  100% !important;\n                    }\n\n                    [data-unique-id='mesmerize-gallery-1-69f4633e6a7eb'] dl:nth-of-type(1n +1 ) {\n                      clear: both;\n                      }\n                    }\n                <\/style><div id='mesmerize-gallery-1' class='mesmerize-gallery-1-dls-wrapper gallery-items-wrapper materialis-gallery' data-unique-id='mesmerize-gallery-1-69f4633e6a7eb'><dl class='gallery-item'>\n\t\t\t<dt class='gallery-icon portrait'>\n\t\t\t\t<a data-fancybox=\"mesmerize-gallery-1-group\" href='https:\/\/www.vs-waldthurn.de\/wp-content\/uploads\/2025\/11\/Jb-26-Rotes-Kreuz-10_2025-2-scaled.jpg'><img loading=\"lazy\" decoding=\"async\"  width=\"212\" height=\"300\" src=\"https:\/\/www.vs-waldthurn.de\/wp-content\/uploads\/2025\/11\/Jb-26-Rotes-Kreuz-10_2025-2-212x300.jpg\"  class='mesmerize-gallery-1-image' alt=\"\" srcset=\"https:\/\/www.vs-waldthurn.de\/wp-content\/uploads\/2025\/11\/Jb-26-Rotes-Kreuz-10_2025-2-212x300.jpg 212w, https:\/\/www.vs-waldthurn.de\/wp-content\/uploads\/2025\/11\/Jb-26-Rotes-Kreuz-10_2025-2-724x1024.jpg 724w, https:\/\/www.vs-waldthurn.de\/wp-content\/uploads\/2025\/11\/Jb-26-Rotes-Kreuz-10_2025-2-768x1086.jpg 768w, https:\/\/www.vs-waldthurn.de\/wp-content\/uploads\/2025\/11\/Jb-26-Rotes-Kreuz-10_2025-2-1086x1536.jpg 1086w, https:\/\/www.vs-waldthurn.de\/wp-content\/uploads\/2025\/11\/Jb-26-Rotes-Kreuz-10_2025-2-1448x2048.jpg 1448w, https:\/\/www.vs-waldthurn.de\/wp-content\/uploads\/2025\/11\/Jb-26-Rotes-Kreuz-10_2025-2-1024x1448.jpg 1024w, https:\/\/www.vs-waldthurn.de\/wp-content\/uploads\/2025\/11\/Jb-26-Rotes-Kreuz-10_2025-2-764x1080.jpg 764w, https:\/\/www.vs-waldthurn.de\/wp-content\/uploads\/2025\/11\/Jb-26-Rotes-Kreuz-10_2025-2-scaled.jpg 1810w\" sizes=\"auto, (max-width: 212px) 100vw, 212px\" \/><\/a>\n\t\t\t<\/dt><\/dl>\n\t\t<\/div>\n<script>(function($){window.MaterialisCaptionsGallery && window.MaterialisCaptionsGallery($('[data-unique-id=\"mesmerize-gallery-1-69f4633e6a7eb\"]'))})(jQuery)<\/script><\/div><\/div><\/div> <\/div><\/div><div  data-label=\"Gallery\" data-id=\"gallery--8\" data-export-id=\"gallery-1\" data-category=\"gallery\" class=\"gallery-1 content-section content-section-spacing\" id=\"gallery-8\" style=\"background-color: rgb(245, 250, 253);\"><div  class=\"gridContainer\"> <div  class=\"row\"><div  class=\"section-title-col\" data-type=\"column\"> <h2  class=\"\" data-lt-tmp-id=\"lt-42156\" data-gramm=\"false\">Abschlussfeier 2025<\/h2> <\/div> <\/div> <div  class=\"row text-center\"> <div  class=\"col-xs-12\" data-editable=\"true\" data-content-shortcode=\"mesmerize_gallery id=&quot;mesmerize-gallery-1&quot; columns=&quot;2&quot; ids=&quot;1588,1589,1586,1587&quot; lb=&quot;1&quot; masonry=&quot;1&quot; size=&quot;medium&quot; link=&quot;file&quot; \"><div id='mesmerize-gallery-1' class='gallery-wrapper'><style type=\"text\/css\">\n                    @media only screen and (min-width: 768px) {\n                    [data-unique-id='mesmerize-gallery-1-69f4633e6ae03'] dl {\n                        float: left;\n                        width: 50% !important;\n                        max-width:  50% !important;\n                        min-width:  50% !important;\n                    }\n\n                    [data-unique-id='mesmerize-gallery-1-69f4633e6ae03'] dl:nth-of-type(2n +1 ) {\n                      clear: both;\n                      }\n                    }\n                <\/style><div id='mesmerize-gallery-1' class='mesmerize-gallery-1-dls-wrapper gallery-items-wrapper materialis-gallery' data-unique-id='mesmerize-gallery-1-69f4633e6ae03'><dl class='gallery-item'>\n\t\t\t<dt class='gallery-icon portrait'>\n\t\t\t\t<a data-fancybox=\"mesmerize-gallery-1-group\" href='https:\/\/www.vs-waldthurn.de\/wp-content\/uploads\/2025\/10\/0001.jpg'><img loading=\"lazy\" decoding=\"async\"  width=\"212\" height=\"300\" src=\"https:\/\/www.vs-waldthurn.de\/wp-content\/uploads\/2025\/10\/0001-212x300.jpg\"  class='mesmerize-gallery-1-image' alt=\"\" srcset=\"https:\/\/www.vs-waldthurn.de\/wp-content\/uploads\/2025\/10\/0001-212x300.jpg 212w, https:\/\/www.vs-waldthurn.de\/wp-content\/uploads\/2025\/10\/0001-724x1024.jpg 724w, https:\/\/www.vs-waldthurn.de\/wp-content\/uploads\/2025\/10\/0001-768x1086.jpg 768w, https:\/\/www.vs-waldthurn.de\/wp-content\/uploads\/2025\/10\/0001-1086x1536.jpg 1086w, https:\/\/www.vs-waldthurn.de\/wp-content\/uploads\/2025\/10\/0001-1024x1448.jpg 1024w, https:\/\/www.vs-waldthurn.de\/wp-content\/uploads\/2025\/10\/0001-764x1080.jpg 764w, https:\/\/www.vs-waldthurn.de\/wp-content\/uploads\/2025\/10\/0001.jpg 1190w\" sizes=\"auto, (max-width: 212px) 100vw, 212px\" \/><\/a>\n\t\t\t<\/dt><\/dl><dl class='gallery-item'>\n\t\t\t<dt class='gallery-icon portrait'>\n\t\t\t\t<a data-fancybox=\"mesmerize-gallery-1-group\" href='https:\/\/www.vs-waldthurn.de\/wp-content\/uploads\/2025\/10\/0002.jpg'><img loading=\"lazy\" decoding=\"async\"  width=\"212\" height=\"300\" src=\"https:\/\/www.vs-waldthurn.de\/wp-content\/uploads\/2025\/10\/0002-212x300.jpg\"  class='mesmerize-gallery-1-image' alt=\"\" srcset=\"https:\/\/www.vs-waldthurn.de\/wp-content\/uploads\/2025\/10\/0002-212x300.jpg 212w, https:\/\/www.vs-waldthurn.de\/wp-content\/uploads\/2025\/10\/0002-724x1024.jpg 724w, https:\/\/www.vs-waldthurn.de\/wp-content\/uploads\/2025\/10\/0002-768x1086.jpg 768w, https:\/\/www.vs-waldthurn.de\/wp-content\/uploads\/2025\/10\/0002-1086x1536.jpg 1086w, https:\/\/www.vs-waldthurn.de\/wp-content\/uploads\/2025\/10\/0002-1024x1448.jpg 1024w, https:\/\/www.vs-waldthurn.de\/wp-content\/uploads\/2025\/10\/0002-764x1080.jpg 764w, https:\/\/www.vs-waldthurn.de\/wp-content\/uploads\/2025\/10\/0002.jpg 1190w\" sizes=\"auto, (max-width: 212px) 100vw, 212px\" \/><\/a>\n\t\t\t<\/dt><\/dl><dl class='gallery-item'>\n\t\t\t<dt class='gallery-icon portrait'>\n\t\t\t\t<a data-fancybox=\"mesmerize-gallery-1-group\" href='https:\/\/www.vs-waldthurn.de\/wp-content\/uploads\/2025\/10\/0003.jpg'><img loading=\"lazy\" decoding=\"async\"  width=\"212\" height=\"300\" src=\"https:\/\/www.vs-waldthurn.de\/wp-content\/uploads\/2025\/10\/0003-212x300.jpg\"  class='mesmerize-gallery-1-image' alt=\"\" srcset=\"https:\/\/www.vs-waldthurn.de\/wp-content\/uploads\/2025\/10\/0003-212x300.jpg 212w, https:\/\/www.vs-waldthurn.de\/wp-content\/uploads\/2025\/10\/0003-724x1024.jpg 724w, https:\/\/www.vs-waldthurn.de\/wp-content\/uploads\/2025\/10\/0003-768x1086.jpg 768w, https:\/\/www.vs-waldthurn.de\/wp-content\/uploads\/2025\/10\/0003-1086x1536.jpg 1086w, https:\/\/www.vs-waldthurn.de\/wp-content\/uploads\/2025\/10\/0003-1024x1448.jpg 1024w, https:\/\/www.vs-waldthurn.de\/wp-content\/uploads\/2025\/10\/0003-764x1080.jpg 764w, https:\/\/www.vs-waldthurn.de\/wp-content\/uploads\/2025\/10\/0003.jpg 1190w\" sizes=\"auto, (max-width: 212px) 100vw, 212px\" \/><\/a>\n\t\t\t<\/dt><\/dl><dl class='gallery-item'>\n\t\t\t<dt class='gallery-icon portrait'>\n\t\t\t\t<a data-fancybox=\"mesmerize-gallery-1-group\" href='https:\/\/www.vs-waldthurn.de\/wp-content\/uploads\/2025\/10\/0004.jpg'><img loading=\"lazy\" decoding=\"async\"  width=\"212\" height=\"300\" src=\"https:\/\/www.vs-waldthurn.de\/wp-content\/uploads\/2025\/10\/0004-212x300.jpg\"  class='mesmerize-gallery-1-image' alt=\"\" srcset=\"https:\/\/www.vs-waldthurn.de\/wp-content\/uploads\/2025\/10\/0004-212x300.jpg 212w, https:\/\/www.vs-waldthurn.de\/wp-content\/uploads\/2025\/10\/0004-724x1024.jpg 724w, https:\/\/www.vs-waldthurn.de\/wp-content\/uploads\/2025\/10\/0004-768x1086.jpg 768w, https:\/\/www.vs-waldthurn.de\/wp-content\/uploads\/2025\/10\/0004-1086x1536.jpg 1086w, https:\/\/www.vs-waldthurn.de\/wp-content\/uploads\/2025\/10\/0004-1024x1448.jpg 1024w, https:\/\/www.vs-waldthurn.de\/wp-content\/uploads\/2025\/10\/0004-764x1080.jpg 764w, https:\/\/www.vs-waldthurn.de\/wp-content\/uploads\/2025\/10\/0004.jpg 1190w\" sizes=\"auto, (max-width: 212px) 100vw, 212px\" \/><\/a>\n\t\t\t<\/dt><\/dl>\n\t\t<\/div>\n<script>(function($){window.MaterialisCaptionsGallery && window.MaterialisCaptionsGallery($('[data-unique-id=\"mesmerize-gallery-1-69f4633e6ae03\"]'))})(jQuery)<\/script><\/div><\/div><\/div> <\/div><\/div><div  data-label=\"Gallery\" data-id=\"gallery--9\" data-export-id=\"gallery-1\" data-category=\"gallery\" class=\"gallery-1 content-section content-section-spacing\" id=\"gallery-9\" style=\"background-color: rgb(245, 250, 253);\"><div  class=\"gridContainer\"> <div  class=\"row\"><div  class=\"section-title-col\" data-type=\"column\"> <h2  class=\"\" data-lt-tmp-id=\"lt-496143\" data-gramm=\"false\">Sportfest 2025<\/h2> <\/div> <\/div> <div  class=\"row text-center\"> <div  class=\"col-xs-12\" data-editable=\"true\" data-content-shortcode=\"mesmerize_gallery id=&quot;mesmerize-gallery-1&quot; columns=&quot;2&quot; ids=&quot;1593,1594,1595,1592&quot; lb=&quot;1&quot; masonry=&quot;1&quot; size=&quot;medium&quot; link=&quot;file&quot; \"><div id='mesmerize-gallery-1' class='gallery-wrapper'><style type=\"text\/css\">\n                    @media only screen and (min-width: 768px) {\n                    [data-unique-id='mesmerize-gallery-1-69f4633e6b834'] dl {\n                        float: left;\n                        width: 50% !important;\n                        max-width:  50% !important;\n                        min-width:  50% !important;\n                    }\n\n                    [data-unique-id='mesmerize-gallery-1-69f4633e6b834'] dl:nth-of-type(2n +1 ) {\n                      clear: both;\n                      }\n                    }\n                <\/style><div id='mesmerize-gallery-1' class='mesmerize-gallery-1-dls-wrapper gallery-items-wrapper materialis-gallery' data-unique-id='mesmerize-gallery-1-69f4633e6b834'><dl class='gallery-item'>\n\t\t\t<dt class='gallery-icon portrait'>\n\t\t\t\t<a data-fancybox=\"mesmerize-gallery-1-group\" href='https:\/\/www.vs-waldthurn.de\/wp-content\/uploads\/2025\/10\/0001-1.jpg'><img loading=\"lazy\" decoding=\"async\"  width=\"212\" height=\"300\" src=\"https:\/\/www.vs-waldthurn.de\/wp-content\/uploads\/2025\/10\/0001-1-212x300.jpg\"  class='mesmerize-gallery-1-image' alt=\"\" srcset=\"https:\/\/www.vs-waldthurn.de\/wp-content\/uploads\/2025\/10\/0001-1-212x300.jpg 212w, https:\/\/www.vs-waldthurn.de\/wp-content\/uploads\/2025\/10\/0001-1-724x1024.jpg 724w, https:\/\/www.vs-waldthurn.de\/wp-content\/uploads\/2025\/10\/0001-1-768x1086.jpg 768w, https:\/\/www.vs-waldthurn.de\/wp-content\/uploads\/2025\/10\/0001-1-1086x1536.jpg 1086w, https:\/\/www.vs-waldthurn.de\/wp-content\/uploads\/2025\/10\/0001-1-1024x1448.jpg 1024w, https:\/\/www.vs-waldthurn.de\/wp-content\/uploads\/2025\/10\/0001-1-764x1080.jpg 764w, https:\/\/www.vs-waldthurn.de\/wp-content\/uploads\/2025\/10\/0001-1.jpg 1190w\" sizes=\"auto, (max-width: 212px) 100vw, 212px\" \/><\/a>\n\t\t\t<\/dt><\/dl><dl class='gallery-item'>\n\t\t\t<dt class='gallery-icon portrait'>\n\t\t\t\t<a data-fancybox=\"mesmerize-gallery-1-group\" href='https:\/\/www.vs-waldthurn.de\/wp-content\/uploads\/2025\/10\/0002-1.jpg'><img loading=\"lazy\" decoding=\"async\"  width=\"212\" height=\"300\" src=\"https:\/\/www.vs-waldthurn.de\/wp-content\/uploads\/2025\/10\/0002-1-212x300.jpg\"  class='mesmerize-gallery-1-image' alt=\"\" srcset=\"https:\/\/www.vs-waldthurn.de\/wp-content\/uploads\/2025\/10\/0002-1-212x300.jpg 212w, https:\/\/www.vs-waldthurn.de\/wp-content\/uploads\/2025\/10\/0002-1-724x1024.jpg 724w, https:\/\/www.vs-waldthurn.de\/wp-content\/uploads\/2025\/10\/0002-1-768x1086.jpg 768w, https:\/\/www.vs-waldthurn.de\/wp-content\/uploads\/2025\/10\/0002-1-1086x1536.jpg 1086w, https:\/\/www.vs-waldthurn.de\/wp-content\/uploads\/2025\/10\/0002-1-1024x1448.jpg 1024w, https:\/\/www.vs-waldthurn.de\/wp-content\/uploads\/2025\/10\/0002-1-764x1080.jpg 764w, https:\/\/www.vs-waldthurn.de\/wp-content\/uploads\/2025\/10\/0002-1.jpg 1190w\" sizes=\"auto, (max-width: 212px) 100vw, 212px\" \/><\/a>\n\t\t\t<\/dt><\/dl><dl class='gallery-item'>\n\t\t\t<dt class='gallery-icon portrait'>\n\t\t\t\t<a data-fancybox=\"mesmerize-gallery-1-group\" href='https:\/\/www.vs-waldthurn.de\/wp-content\/uploads\/2025\/10\/0003-1.jpg'><img loading=\"lazy\" decoding=\"async\"  width=\"212\" height=\"300\" src=\"https:\/\/www.vs-waldthurn.de\/wp-content\/uploads\/2025\/10\/0003-1-212x300.jpg\"  class='mesmerize-gallery-1-image' alt=\"\" srcset=\"https:\/\/www.vs-waldthurn.de\/wp-content\/uploads\/2025\/10\/0003-1-212x300.jpg 212w, https:\/\/www.vs-waldthurn.de\/wp-content\/uploads\/2025\/10\/0003-1-724x1024.jpg 724w, https:\/\/www.vs-waldthurn.de\/wp-content\/uploads\/2025\/10\/0003-1-768x1086.jpg 768w, https:\/\/www.vs-waldthurn.de\/wp-content\/uploads\/2025\/10\/0003-1-1086x1536.jpg 1086w, https:\/\/www.vs-waldthurn.de\/wp-content\/uploads\/2025\/10\/0003-1-1024x1448.jpg 1024w, https:\/\/www.vs-waldthurn.de\/wp-content\/uploads\/2025\/10\/0003-1-764x1080.jpg 764w, https:\/\/www.vs-waldthurn.de\/wp-content\/uploads\/2025\/10\/0003-1.jpg 1190w\" sizes=\"auto, (max-width: 212px) 100vw, 212px\" \/><\/a>\n\t\t\t<\/dt><\/dl><dl class='gallery-item'>\n\t\t\t<dt class='gallery-icon portrait'>\n\t\t\t\t<a data-fancybox=\"mesmerize-gallery-1-group\" href='https:\/\/www.vs-waldthurn.de\/wp-content\/uploads\/2025\/10\/0004-1.jpg'><img loading=\"lazy\" decoding=\"async\"  width=\"212\" height=\"300\" src=\"https:\/\/www.vs-waldthurn.de\/wp-content\/uploads\/2025\/10\/0004-1-212x300.jpg\"  class='mesmerize-gallery-1-image' alt=\"\" srcset=\"https:\/\/www.vs-waldthurn.de\/wp-content\/uploads\/2025\/10\/0004-1-212x300.jpg 212w, https:\/\/www.vs-waldthurn.de\/wp-content\/uploads\/2025\/10\/0004-1-724x1024.jpg 724w, https:\/\/www.vs-waldthurn.de\/wp-content\/uploads\/2025\/10\/0004-1-768x1086.jpg 768w, https:\/\/www.vs-waldthurn.de\/wp-content\/uploads\/2025\/10\/0004-1-1086x1536.jpg 1086w, https:\/\/www.vs-waldthurn.de\/wp-content\/uploads\/2025\/10\/0004-1-1024x1448.jpg 1024w, https:\/\/www.vs-waldthurn.de\/wp-content\/uploads\/2025\/10\/0004-1-764x1080.jpg 764w, https:\/\/www.vs-waldthurn.de\/wp-content\/uploads\/2025\/10\/0004-1.jpg 1190w\" sizes=\"auto, (max-width: 212px) 100vw, 212px\" \/><\/a>\n\t\t\t<\/dt><\/dl>\n\t\t<\/div>\n<script>(function($){window.MaterialisCaptionsGallery && window.MaterialisCaptionsGallery($('[data-unique-id=\"mesmerize-gallery-1-69f4633e6b834\"]'))})(jQuery)<\/script><\/div><\/div><\/div> <\/div><\/div><div  data-label=\"Gallery\" data-id=\"gallery--7\" data-export-id=\"gallery-2\" data-category=\"gallery\" class=\"gallery-2 content-section content-section-spacing\" id=\"gallery-7\" style=\"background-color: rgb(245, 250, 253);\"><div  class=\"\"> <div  class=\"row\"><div  class=\"col-xs-12 full-no-padding\" data-editable=\"true\" data-content-shortcode=\"mesmerize_gallery id=&quot;mesmerize-gallery-2&quot; columns=&quot;2&quot; ids=&quot;1560,1561&quot; lb=&quot;1&quot; masonry=&quot;0&quot; size=&quot;medium&quot; link=&quot;file&quot; \"><div id='mesmerize-gallery-2' class='gallery-wrapper'><style type=\"text\/css\">\n                    @media only screen and (min-width: 768px) {\n                    [data-unique-id='mesmerize-gallery-2-69f4633e6c1a4'] dl {\n                        float: left;\n                        width: 50% !important;\n                        max-width:  50% !important;\n                        min-width:  50% !important;\n                    }\n\n                    [data-unique-id='mesmerize-gallery-2-69f4633e6c1a4'] dl:nth-of-type(2n +1 ) {\n                      clear: both;\n                      }\n                    }\n                <\/style><div id='mesmerize-gallery-2' class='mesmerize-gallery-2-dls-wrapper gallery-items-wrapper materialis-gallery' data-unique-id='mesmerize-gallery-2-69f4633e6c1a4'><dl class='gallery-item'>\n\t\t\t<dt class='gallery-icon portrait'>\n\t\t\t\t<a data-fancybox=\"mesmerize-gallery-2-group\" href='https:\/\/www.vs-waldthurn.de\/wp-content\/uploads\/2025\/07\/Walderlebnis-scaled.png'><img loading=\"lazy\" decoding=\"async\"  width=\"212\" height=\"300\" src=\"https:\/\/www.vs-waldthurn.de\/wp-content\/uploads\/2025\/07\/Walderlebnis-212x300.png\"  class='mesmerize-gallery-2-image' alt=\"\" srcset=\"https:\/\/www.vs-waldthurn.de\/wp-content\/uploads\/2025\/07\/Walderlebnis-212x300.png 212w, https:\/\/www.vs-waldthurn.de\/wp-content\/uploads\/2025\/07\/Walderlebnis-724x1024.png 724w, https:\/\/www.vs-waldthurn.de\/wp-content\/uploads\/2025\/07\/Walderlebnis-768x1086.png 768w, https:\/\/www.vs-waldthurn.de\/wp-content\/uploads\/2025\/07\/Walderlebnis-1086x1536.png 1086w, https:\/\/www.vs-waldthurn.de\/wp-content\/uploads\/2025\/07\/Walderlebnis-1448x2048.png 1448w, https:\/\/www.vs-waldthurn.de\/wp-content\/uploads\/2025\/07\/Walderlebnis-1024x1448.png 1024w, https:\/\/www.vs-waldthurn.de\/wp-content\/uploads\/2025\/07\/Walderlebnis-764x1080.png 764w, https:\/\/www.vs-waldthurn.de\/wp-content\/uploads\/2025\/07\/Walderlebnis-scaled.png 1810w\" sizes=\"auto, (max-width: 212px) 100vw, 212px\" \/><\/a>\n\t\t\t<\/dt><\/dl><dl class='gallery-item'>\n\t\t\t<dt class='gallery-icon portrait'>\n\t\t\t\t<a data-fancybox=\"mesmerize-gallery-2-group\" href='https:\/\/www.vs-waldthurn.de\/wp-content\/uploads\/2025\/07\/Walderlebnistag-scaled.png'><img loading=\"lazy\" decoding=\"async\"  width=\"212\" height=\"300\" src=\"https:\/\/www.vs-waldthurn.de\/wp-content\/uploads\/2025\/07\/Walderlebnistag-212x300.png\"  class='mesmerize-gallery-2-image' alt=\"\" srcset=\"https:\/\/www.vs-waldthurn.de\/wp-content\/uploads\/2025\/07\/Walderlebnistag-212x300.png 212w, https:\/\/www.vs-waldthurn.de\/wp-content\/uploads\/2025\/07\/Walderlebnistag-724x1024.png 724w, https:\/\/www.vs-waldthurn.de\/wp-content\/uploads\/2025\/07\/Walderlebnistag-768x1086.png 768w, https:\/\/www.vs-waldthurn.de\/wp-content\/uploads\/2025\/07\/Walderlebnistag-1086x1536.png 1086w, https:\/\/www.vs-waldthurn.de\/wp-content\/uploads\/2025\/07\/Walderlebnistag-1448x2048.png 1448w, https:\/\/www.vs-waldthurn.de\/wp-content\/uploads\/2025\/07\/Walderlebnistag-1024x1448.png 1024w, https:\/\/www.vs-waldthurn.de\/wp-content\/uploads\/2025\/07\/Walderlebnistag-764x1080.png 764w, https:\/\/www.vs-waldthurn.de\/wp-content\/uploads\/2025\/07\/Walderlebnistag-scaled.png 1811w\" sizes=\"auto, (max-width: 212px) 100vw, 212px\" \/><\/a>\n\t\t\t<\/dt><\/dl>\n\t\t<\/div>\n<script>(function($){window.MaterialisCaptionsGallery && window.MaterialisCaptionsGallery($('[data-unique-id=\"mesmerize-gallery-2-69f4633e6c1a4\"]'))})(jQuery)<\/script><\/div><\/div><\/div> <\/div><\/div><div  data-label=\"Gallery\" data-id=\"gallery--6\" data-export-id=\"gallery-2\" data-category=\"gallery\" class=\"gallery-2 content-section content-section-spacing\" id=\"gallery-6\" style=\"background-color: rgb(245, 250, 253);\"><div  class=\"\"> <div  class=\"row\"><div  class=\"col-xs-12 full-no-padding\" data-editable=\"true\" data-content-shortcode=\"mesmerize_gallery id=&quot;mesmerize-gallery-2&quot; columns=&quot;3&quot; ids=&quot;1559,1558,1557&quot; lb=&quot;1&quot; masonry=&quot;0&quot; size=&quot;medium&quot; link=&quot;file&quot; \"><div id='mesmerize-gallery-2' class='gallery-wrapper'><style type=\"text\/css\">\n                    @media only screen and (min-width: 768px) {\n                    [data-unique-id='mesmerize-gallery-2-69f4633e6c8aa'] dl {\n                        float: left;\n                        width: 33.333333333333% !important;\n                        max-width:  33.333333333333% !important;\n                        min-width:  33.333333333333% !important;\n                    }\n\n                    [data-unique-id='mesmerize-gallery-2-69f4633e6c8aa'] dl:nth-of-type(3n +1 ) {\n                      clear: both;\n                      }\n                    }\n                <\/style><div id='mesmerize-gallery-2' class='mesmerize-gallery-2-dls-wrapper gallery-items-wrapper materialis-gallery' data-unique-id='mesmerize-gallery-2-69f4633e6c8aa'><dl class='gallery-item'>\n\t\t\t<dt class='gallery-icon portrait'>\n\t\t\t\t<a data-fancybox=\"mesmerize-gallery-2-group\" href='https:\/\/www.vs-waldthurn.de\/wp-content\/uploads\/2025\/07\/JB-2025-Lektuereauswahl-6_2025_2-scaled.png'><img loading=\"lazy\" decoding=\"async\"  width=\"212\" height=\"300\" src=\"https:\/\/www.vs-waldthurn.de\/wp-content\/uploads\/2025\/07\/JB-2025-Lektuereauswahl-6_2025_2-212x300.png\"  class='mesmerize-gallery-2-image' alt=\"\" srcset=\"https:\/\/www.vs-waldthurn.de\/wp-content\/uploads\/2025\/07\/JB-2025-Lektuereauswahl-6_2025_2-212x300.png 212w, https:\/\/www.vs-waldthurn.de\/wp-content\/uploads\/2025\/07\/JB-2025-Lektuereauswahl-6_2025_2-724x1024.png 724w, https:\/\/www.vs-waldthurn.de\/wp-content\/uploads\/2025\/07\/JB-2025-Lektuereauswahl-6_2025_2-768x1086.png 768w, https:\/\/www.vs-waldthurn.de\/wp-content\/uploads\/2025\/07\/JB-2025-Lektuereauswahl-6_2025_2-1086x1536.png 1086w, https:\/\/www.vs-waldthurn.de\/wp-content\/uploads\/2025\/07\/JB-2025-Lektuereauswahl-6_2025_2-1448x2048.png 1448w, https:\/\/www.vs-waldthurn.de\/wp-content\/uploads\/2025\/07\/JB-2025-Lektuereauswahl-6_2025_2-1024x1448.png 1024w, https:\/\/www.vs-waldthurn.de\/wp-content\/uploads\/2025\/07\/JB-2025-Lektuereauswahl-6_2025_2-764x1080.png 764w, https:\/\/www.vs-waldthurn.de\/wp-content\/uploads\/2025\/07\/JB-2025-Lektuereauswahl-6_2025_2-scaled.png 1811w\" sizes=\"auto, (max-width: 212px) 100vw, 212px\" \/><\/a>\n\t\t\t<\/dt><\/dl><dl class='gallery-item'>\n\t\t\t<dt class='gallery-icon portrait'>\n\t\t\t\t<a data-fancybox=\"mesmerize-gallery-2-group\" href='https:\/\/www.vs-waldthurn.de\/wp-content\/uploads\/2025\/07\/JB-2025-Lektuereauswahl-6_2025_1-scaled.png'><img loading=\"lazy\" decoding=\"async\"  width=\"212\" height=\"300\" src=\"https:\/\/www.vs-waldthurn.de\/wp-content\/uploads\/2025\/07\/JB-2025-Lektuereauswahl-6_2025_1-212x300.png\"  class='mesmerize-gallery-2-image' alt=\"\" srcset=\"https:\/\/www.vs-waldthurn.de\/wp-content\/uploads\/2025\/07\/JB-2025-Lektuereauswahl-6_2025_1-212x300.png 212w, https:\/\/www.vs-waldthurn.de\/wp-content\/uploads\/2025\/07\/JB-2025-Lektuereauswahl-6_2025_1-724x1024.png 724w, https:\/\/www.vs-waldthurn.de\/wp-content\/uploads\/2025\/07\/JB-2025-Lektuereauswahl-6_2025_1-768x1086.png 768w, https:\/\/www.vs-waldthurn.de\/wp-content\/uploads\/2025\/07\/JB-2025-Lektuereauswahl-6_2025_1-1086x1536.png 1086w, https:\/\/www.vs-waldthurn.de\/wp-content\/uploads\/2025\/07\/JB-2025-Lektuereauswahl-6_2025_1-1448x2048.png 1448w, https:\/\/www.vs-waldthurn.de\/wp-content\/uploads\/2025\/07\/JB-2025-Lektuereauswahl-6_2025_1-1024x1448.png 1024w, https:\/\/www.vs-waldthurn.de\/wp-content\/uploads\/2025\/07\/JB-2025-Lektuereauswahl-6_2025_1-764x1080.png 764w, https:\/\/www.vs-waldthurn.de\/wp-content\/uploads\/2025\/07\/JB-2025-Lektuereauswahl-6_2025_1-scaled.png 1811w\" sizes=\"auto, (max-width: 212px) 100vw, 212px\" \/><\/a>\n\t\t\t<\/dt><\/dl><dl class='gallery-item'>\n\t\t\t<dt class='gallery-icon portrait'>\n\t\t\t\t<a data-fancybox=\"mesmerize-gallery-2-group\" href='https:\/\/www.vs-waldthurn.de\/wp-content\/uploads\/2025\/07\/JB-2026-Theaterfahrt-28_07_2025-Die-unendliche-Geschichte-scaled.png'><img loading=\"lazy\" decoding=\"async\"  width=\"212\" height=\"300\" src=\"https:\/\/www.vs-waldthurn.de\/wp-content\/uploads\/2025\/07\/JB-2026-Theaterfahrt-28_07_2025-Die-unendliche-Geschichte-212x300.png\"  class='mesmerize-gallery-2-image' alt=\"\" srcset=\"https:\/\/www.vs-waldthurn.de\/wp-content\/uploads\/2025\/07\/JB-2026-Theaterfahrt-28_07_2025-Die-unendliche-Geschichte-212x300.png 212w, https:\/\/www.vs-waldthurn.de\/wp-content\/uploads\/2025\/07\/JB-2026-Theaterfahrt-28_07_2025-Die-unendliche-Geschichte-724x1024.png 724w, https:\/\/www.vs-waldthurn.de\/wp-content\/uploads\/2025\/07\/JB-2026-Theaterfahrt-28_07_2025-Die-unendliche-Geschichte-768x1086.png 768w, https:\/\/www.vs-waldthurn.de\/wp-content\/uploads\/2025\/07\/JB-2026-Theaterfahrt-28_07_2025-Die-unendliche-Geschichte-1086x1536.png 1086w, https:\/\/www.vs-waldthurn.de\/wp-content\/uploads\/2025\/07\/JB-2026-Theaterfahrt-28_07_2025-Die-unendliche-Geschichte-1448x2048.png 1448w, https:\/\/www.vs-waldthurn.de\/wp-content\/uploads\/2025\/07\/JB-2026-Theaterfahrt-28_07_2025-Die-unendliche-Geschichte-1024x1448.png 1024w, https:\/\/www.vs-waldthurn.de\/wp-content\/uploads\/2025\/07\/JB-2026-Theaterfahrt-28_07_2025-Die-unendliche-Geschichte-764x1080.png 764w, https:\/\/www.vs-waldthurn.de\/wp-content\/uploads\/2025\/07\/JB-2026-Theaterfahrt-28_07_2025-Die-unendliche-Geschichte-scaled.png 1811w\" sizes=\"auto, (max-width: 212px) 100vw, 212px\" \/><\/a>\n\t\t\t<\/dt><\/dl>\n\t\t<\/div>\n<script>(function($){window.MaterialisCaptionsGallery && window.MaterialisCaptionsGallery($('[data-unique-id=\"mesmerize-gallery-2-69f4633e6c8aa\"]'))})(jQuery)<\/script><\/div><\/div><\/div> <\/div><\/div><div  data-label=\"Gallery\" data-id=\"gallery--4\" data-export-id=\"gallery-2\" data-category=\"gallery\" class=\"gallery-2 content-section content-section-spacing\" id=\"gallery-4\" style=\"background-color: rgb(245, 250, 253);\"><div  class=\"\"> <div  class=\"row\"><div  class=\"col-xs-12 full-no-padding\" data-editable=\"true\" data-content-shortcode=\"mesmerize_gallery id=&quot;mesmerize-gallery-2&quot; columns=&quot;3&quot; ids=&quot;1545,1546,1547&quot; lb=&quot;1&quot; masonry=&quot;0&quot; size=&quot;medium&quot; link=&quot;file&quot; \"><div id='mesmerize-gallery-2' class='gallery-wrapper'><style type=\"text\/css\">\n                    @media only screen and (min-width: 768px) {\n                    [data-unique-id='mesmerize-gallery-2-69f4633e6d01a'] dl {\n                        float: left;\n                        width: 33.333333333333% !important;\n                        max-width:  33.333333333333% !important;\n                        min-width:  33.333333333333% !important;\n                    }\n\n                    [data-unique-id='mesmerize-gallery-2-69f4633e6d01a'] dl:nth-of-type(3n +1 ) {\n                      clear: both;\n                      }\n                    }\n                <\/style><div id='mesmerize-gallery-2' class='mesmerize-gallery-2-dls-wrapper gallery-items-wrapper materialis-gallery' data-unique-id='mesmerize-gallery-2-69f4633e6d01a'><dl class='gallery-item'>\n\t\t\t<dt class='gallery-icon portrait'>\n\t\t\t\t<a data-fancybox=\"mesmerize-gallery-2-group\" href='https:\/\/www.vs-waldthurn.de\/wp-content\/uploads\/2025\/07\/JB-2025-Koop-Igel-Seite-1-1_2025.png'><img loading=\"lazy\" decoding=\"async\"  width=\"212\" height=\"300\" src=\"https:\/\/www.vs-waldthurn.de\/wp-content\/uploads\/2025\/07\/JB-2025-Koop-Igel-Seite-1-1_2025-212x300.png\"  class='mesmerize-gallery-2-image' alt=\"\" srcset=\"https:\/\/www.vs-waldthurn.de\/wp-content\/uploads\/2025\/07\/JB-2025-Koop-Igel-Seite-1-1_2025-212x300.png 212w, https:\/\/www.vs-waldthurn.de\/wp-content\/uploads\/2025\/07\/JB-2025-Koop-Igel-Seite-1-1_2025-724x1024.png 724w, https:\/\/www.vs-waldthurn.de\/wp-content\/uploads\/2025\/07\/JB-2025-Koop-Igel-Seite-1-1_2025-768x1086.png 768w, https:\/\/www.vs-waldthurn.de\/wp-content\/uploads\/2025\/07\/JB-2025-Koop-Igel-Seite-1-1_2025-1086x1536.png 1086w, https:\/\/www.vs-waldthurn.de\/wp-content\/uploads\/2025\/07\/JB-2025-Koop-Igel-Seite-1-1_2025-1448x2048.png 1448w, https:\/\/www.vs-waldthurn.de\/wp-content\/uploads\/2025\/07\/JB-2025-Koop-Igel-Seite-1-1_2025-1024x1448.png 1024w, https:\/\/www.vs-waldthurn.de\/wp-content\/uploads\/2025\/07\/JB-2025-Koop-Igel-Seite-1-1_2025-764x1080.png 764w, https:\/\/www.vs-waldthurn.de\/wp-content\/uploads\/2025\/07\/JB-2025-Koop-Igel-Seite-1-1_2025.png 1654w\" sizes=\"auto, (max-width: 212px) 100vw, 212px\" \/><\/a>\n\t\t\t<\/dt><\/dl><dl class='gallery-item'>\n\t\t\t<dt class='gallery-icon portrait'>\n\t\t\t\t<a data-fancybox=\"mesmerize-gallery-2-group\" href='https:\/\/www.vs-waldthurn.de\/wp-content\/uploads\/2025\/07\/JB-2025-Koop-Igel-Seite-2-1_25.png'><img loading=\"lazy\" decoding=\"async\"  width=\"212\" height=\"300\" src=\"https:\/\/www.vs-waldthurn.de\/wp-content\/uploads\/2025\/07\/JB-2025-Koop-Igel-Seite-2-1_25-212x300.png\"  class='mesmerize-gallery-2-image' alt=\"\" srcset=\"https:\/\/www.vs-waldthurn.de\/wp-content\/uploads\/2025\/07\/JB-2025-Koop-Igel-Seite-2-1_25-212x300.png 212w, https:\/\/www.vs-waldthurn.de\/wp-content\/uploads\/2025\/07\/JB-2025-Koop-Igel-Seite-2-1_25-724x1024.png 724w, https:\/\/www.vs-waldthurn.de\/wp-content\/uploads\/2025\/07\/JB-2025-Koop-Igel-Seite-2-1_25-768x1086.png 768w, https:\/\/www.vs-waldthurn.de\/wp-content\/uploads\/2025\/07\/JB-2025-Koop-Igel-Seite-2-1_25-1086x1536.png 1086w, https:\/\/www.vs-waldthurn.de\/wp-content\/uploads\/2025\/07\/JB-2025-Koop-Igel-Seite-2-1_25-1448x2048.png 1448w, https:\/\/www.vs-waldthurn.de\/wp-content\/uploads\/2025\/07\/JB-2025-Koop-Igel-Seite-2-1_25-1024x1448.png 1024w, https:\/\/www.vs-waldthurn.de\/wp-content\/uploads\/2025\/07\/JB-2025-Koop-Igel-Seite-2-1_25-764x1080.png 764w, https:\/\/www.vs-waldthurn.de\/wp-content\/uploads\/2025\/07\/JB-2025-Koop-Igel-Seite-2-1_25.png 1654w\" sizes=\"auto, (max-width: 212px) 100vw, 212px\" \/><\/a>\n\t\t\t<\/dt><\/dl><dl class='gallery-item'>\n\t\t\t<dt class='gallery-icon portrait'>\n\t\t\t\t<a data-fancybox=\"mesmerize-gallery-2-group\" href='https:\/\/www.vs-waldthurn.de\/wp-content\/uploads\/2025\/07\/JB-2025-Koop-Igel-Seite-3-1_2025.png'><img loading=\"lazy\" decoding=\"async\"  width=\"212\" height=\"300\" src=\"https:\/\/www.vs-waldthurn.de\/wp-content\/uploads\/2025\/07\/JB-2025-Koop-Igel-Seite-3-1_2025-212x300.png\"  class='mesmerize-gallery-2-image' alt=\"\" srcset=\"https:\/\/www.vs-waldthurn.de\/wp-content\/uploads\/2025\/07\/JB-2025-Koop-Igel-Seite-3-1_2025-212x300.png 212w, https:\/\/www.vs-waldthurn.de\/wp-content\/uploads\/2025\/07\/JB-2025-Koop-Igel-Seite-3-1_2025-724x1024.png 724w, https:\/\/www.vs-waldthurn.de\/wp-content\/uploads\/2025\/07\/JB-2025-Koop-Igel-Seite-3-1_2025-768x1086.png 768w, https:\/\/www.vs-waldthurn.de\/wp-content\/uploads\/2025\/07\/JB-2025-Koop-Igel-Seite-3-1_2025-1086x1536.png 1086w, https:\/\/www.vs-waldthurn.de\/wp-content\/uploads\/2025\/07\/JB-2025-Koop-Igel-Seite-3-1_2025-1448x2048.png 1448w, https:\/\/www.vs-waldthurn.de\/wp-content\/uploads\/2025\/07\/JB-2025-Koop-Igel-Seite-3-1_2025-1024x1448.png 1024w, https:\/\/www.vs-waldthurn.de\/wp-content\/uploads\/2025\/07\/JB-2025-Koop-Igel-Seite-3-1_2025-764x1080.png 764w, https:\/\/www.vs-waldthurn.de\/wp-content\/uploads\/2025\/07\/JB-2025-Koop-Igel-Seite-3-1_2025.png 1654w\" sizes=\"auto, (max-width: 212px) 100vw, 212px\" \/><\/a>\n\t\t\t<\/dt><\/dl>\n\t\t<\/div>\n<script>(function($){window.MaterialisCaptionsGallery && window.MaterialisCaptionsGallery($('[data-unique-id=\"mesmerize-gallery-2-69f4633e6d01a\"]'))})(jQuery)<\/script><\/div><\/div><\/div> <\/div><\/div><div  data-label=\"Gallery\" data-id=\"gallery--5\" data-export-id=\"gallery-2\" data-category=\"gallery\" class=\"gallery-2 content-section content-section-spacing\" id=\"gallery-5\" style=\"background-color: rgb(245, 250, 253);\"><div  class=\"\"> <div  class=\"row\"><div  class=\"col-xs-12 full-no-padding\" data-editable=\"true\" data-content-shortcode=\"mesmerize_gallery id=&quot;mesmerize-gallery-2&quot; columns=&quot;3&quot; ids=&quot;1549,1548,1551&quot; lb=&quot;1&quot; masonry=&quot;0&quot; size=&quot;medium&quot; link=&quot;file&quot; \"><div id='mesmerize-gallery-2' class='gallery-wrapper'><style type=\"text\/css\">\n                    @media only screen and (min-width: 768px) {\n                    [data-unique-id='mesmerize-gallery-2-69f4633e6d7b4'] dl {\n                        float: left;\n                        width: 33.333333333333% !important;\n                        max-width:  33.333333333333% !important;\n                        min-width:  33.333333333333% !important;\n                    }\n\n                    [data-unique-id='mesmerize-gallery-2-69f4633e6d7b4'] dl:nth-of-type(3n +1 ) {\n                      clear: both;\n                      }\n                    }\n                <\/style><div id='mesmerize-gallery-2' class='mesmerize-gallery-2-dls-wrapper gallery-items-wrapper materialis-gallery' data-unique-id='mesmerize-gallery-2-69f4633e6d7b4'><dl class='gallery-item'>\n\t\t\t<dt class='gallery-icon portrait'>\n\t\t\t\t<a data-fancybox=\"mesmerize-gallery-2-group\" href='https:\/\/www.vs-waldthurn.de\/wp-content\/uploads\/2025\/07\/JB-2025-Koop-Igel-Seite-5-1_2025-scaled.png'><img loading=\"lazy\" decoding=\"async\"  width=\"212\" height=\"300\" src=\"https:\/\/www.vs-waldthurn.de\/wp-content\/uploads\/2025\/07\/JB-2025-Koop-Igel-Seite-5-1_2025-212x300.png\"  class='mesmerize-gallery-2-image' alt=\"\" srcset=\"https:\/\/www.vs-waldthurn.de\/wp-content\/uploads\/2025\/07\/JB-2025-Koop-Igel-Seite-5-1_2025-212x300.png 212w, https:\/\/www.vs-waldthurn.de\/wp-content\/uploads\/2025\/07\/JB-2025-Koop-Igel-Seite-5-1_2025-724x1024.png 724w, https:\/\/www.vs-waldthurn.de\/wp-content\/uploads\/2025\/07\/JB-2025-Koop-Igel-Seite-5-1_2025-768x1086.png 768w, https:\/\/www.vs-waldthurn.de\/wp-content\/uploads\/2025\/07\/JB-2025-Koop-Igel-Seite-5-1_2025-1086x1536.png 1086w, https:\/\/www.vs-waldthurn.de\/wp-content\/uploads\/2025\/07\/JB-2025-Koop-Igel-Seite-5-1_2025-1448x2048.png 1448w, https:\/\/www.vs-waldthurn.de\/wp-content\/uploads\/2025\/07\/JB-2025-Koop-Igel-Seite-5-1_2025-1024x1448.png 1024w, https:\/\/www.vs-waldthurn.de\/wp-content\/uploads\/2025\/07\/JB-2025-Koop-Igel-Seite-5-1_2025-764x1080.png 764w, https:\/\/www.vs-waldthurn.de\/wp-content\/uploads\/2025\/07\/JB-2025-Koop-Igel-Seite-5-1_2025-scaled.png 1810w\" sizes=\"auto, (max-width: 212px) 100vw, 212px\" \/><\/a>\n\t\t\t<\/dt><\/dl><dl class='gallery-item'>\n\t\t\t<dt class='gallery-icon portrait'>\n\t\t\t\t<a data-fancybox=\"mesmerize-gallery-2-group\" href='https:\/\/www.vs-waldthurn.de\/wp-content\/uploads\/2025\/07\/JB_2025__Koop__Igel__Seite_6_1_2025-scaled.png'><img loading=\"lazy\" decoding=\"async\"  width=\"212\" height=\"300\" src=\"https:\/\/www.vs-waldthurn.de\/wp-content\/uploads\/2025\/07\/JB_2025__Koop__Igel__Seite_6_1_2025-212x300.png\"  class='mesmerize-gallery-2-image' alt=\"\" srcset=\"https:\/\/www.vs-waldthurn.de\/wp-content\/uploads\/2025\/07\/JB_2025__Koop__Igel__Seite_6_1_2025-212x300.png 212w, https:\/\/www.vs-waldthurn.de\/wp-content\/uploads\/2025\/07\/JB_2025__Koop__Igel__Seite_6_1_2025-724x1024.png 724w, https:\/\/www.vs-waldthurn.de\/wp-content\/uploads\/2025\/07\/JB_2025__Koop__Igel__Seite_6_1_2025-768x1086.png 768w, https:\/\/www.vs-waldthurn.de\/wp-content\/uploads\/2025\/07\/JB_2025__Koop__Igel__Seite_6_1_2025-1086x1536.png 1086w, https:\/\/www.vs-waldthurn.de\/wp-content\/uploads\/2025\/07\/JB_2025__Koop__Igel__Seite_6_1_2025-1448x2048.png 1448w, https:\/\/www.vs-waldthurn.de\/wp-content\/uploads\/2025\/07\/JB_2025__Koop__Igel__Seite_6_1_2025-1024x1448.png 1024w, https:\/\/www.vs-waldthurn.de\/wp-content\/uploads\/2025\/07\/JB_2025__Koop__Igel__Seite_6_1_2025-764x1080.png 764w, https:\/\/www.vs-waldthurn.de\/wp-content\/uploads\/2025\/07\/JB_2025__Koop__Igel__Seite_6_1_2025-scaled.png 1810w\" sizes=\"auto, (max-width: 212px) 100vw, 212px\" \/><\/a>\n\t\t\t<\/dt><\/dl><dl class='gallery-item'>\n\t\t\t<dt class='gallery-icon portrait'>\n\t\t\t\t<a data-fancybox=\"mesmerize-gallery-2-group\" href='https:\/\/www.vs-waldthurn.de\/wp-content\/uploads\/2025\/07\/3-Klasse-Waldthurn-2425-Brieffreundschaft-scaled.png'><img loading=\"lazy\" decoding=\"async\"  width=\"212\" height=\"300\" src=\"https:\/\/www.vs-waldthurn.de\/wp-content\/uploads\/2025\/07\/3-Klasse-Waldthurn-2425-Brieffreundschaft-212x300.png\"  class='mesmerize-gallery-2-image' alt=\"\" srcset=\"https:\/\/www.vs-waldthurn.de\/wp-content\/uploads\/2025\/07\/3-Klasse-Waldthurn-2425-Brieffreundschaft-212x300.png 212w, https:\/\/www.vs-waldthurn.de\/wp-content\/uploads\/2025\/07\/3-Klasse-Waldthurn-2425-Brieffreundschaft-724x1024.png 724w, https:\/\/www.vs-waldthurn.de\/wp-content\/uploads\/2025\/07\/3-Klasse-Waldthurn-2425-Brieffreundschaft-768x1086.png 768w, https:\/\/www.vs-waldthurn.de\/wp-content\/uploads\/2025\/07\/3-Klasse-Waldthurn-2425-Brieffreundschaft-1086x1536.png 1086w, https:\/\/www.vs-waldthurn.de\/wp-content\/uploads\/2025\/07\/3-Klasse-Waldthurn-2425-Brieffreundschaft-1448x2048.png 1448w, https:\/\/www.vs-waldthurn.de\/wp-content\/uploads\/2025\/07\/3-Klasse-Waldthurn-2425-Brieffreundschaft-1024x1448.png 1024w, https:\/\/www.vs-waldthurn.de\/wp-content\/uploads\/2025\/07\/3-Klasse-Waldthurn-2425-Brieffreundschaft-764x1080.png 764w, https:\/\/www.vs-waldthurn.de\/wp-content\/uploads\/2025\/07\/3-Klasse-Waldthurn-2425-Brieffreundschaft-scaled.png 1810w\" sizes=\"auto, (max-width: 212px) 100vw, 212px\" \/><\/a>\n\t\t\t<\/dt><\/dl>\n\t\t<\/div>\n<script>(function($){window.MaterialisCaptionsGallery && window.MaterialisCaptionsGallery($('[data-unique-id=\"mesmerize-gallery-2-69f4633e6d7b4\"]'))})(jQuery)<\/script><\/div><\/div><\/div> <\/div><\/div><div  data-label=\"Gallery\" data-id=\"gallery--3\" data-export-id=\"gallery-2\" data-category=\"gallery\" class=\"gallery-2 content-section content-section-spacing\" id=\"gallery-3\" style=\"background-color: rgb(245, 250, 253);\"><div  class=\"\"> <div  class=\"row\"><div  class=\"col-xs-12 full-no-padding\" data-editable=\"true\" data-content-shortcode=\"mesmerize_gallery id=&quot;mesmerize-gallery-2&quot; columns=&quot;3&quot; ids=&quot;1542,1543,1544&quot; lb=&quot;1&quot; masonry=&quot;0&quot; size=&quot;medium&quot; link=&quot;file&quot; \"><div id='mesmerize-gallery-2' class='gallery-wrapper'><style type=\"text\/css\">\n                    @media only screen and (min-width: 768px) {\n                    [data-unique-id='mesmerize-gallery-2-69f4633e6e01a'] dl {\n                        float: left;\n                        width: 33.333333333333% !important;\n                        max-width:  33.333333333333% !important;\n                        min-width:  33.333333333333% !important;\n                    }\n\n                    [data-unique-id='mesmerize-gallery-2-69f4633e6e01a'] dl:nth-of-type(3n +1 ) {\n                      clear: both;\n                      }\n                    }\n                <\/style><div id='mesmerize-gallery-2' class='mesmerize-gallery-2-dls-wrapper gallery-items-wrapper materialis-gallery' data-unique-id='mesmerize-gallery-2-69f4633e6e01a'><dl class='gallery-item'>\n\t\t\t<dt class='gallery-icon portrait'>\n\t\t\t\t<a data-fancybox=\"mesmerize-gallery-2-group\" href='https:\/\/www.vs-waldthurn.de\/wp-content\/uploads\/2025\/07\/654eabaf2ec79c6c81675f671ba656a3-0.png'><img loading=\"lazy\" decoding=\"async\"  width=\"212\" height=\"300\" src=\"https:\/\/www.vs-waldthurn.de\/wp-content\/uploads\/2025\/07\/654eabaf2ec79c6c81675f671ba656a3-0-212x300.png\"  class='mesmerize-gallery-2-image' alt=\"\" srcset=\"https:\/\/www.vs-waldthurn.de\/wp-content\/uploads\/2025\/07\/654eabaf2ec79c6c81675f671ba656a3-0-212x300.png 212w, https:\/\/www.vs-waldthurn.de\/wp-content\/uploads\/2025\/07\/654eabaf2ec79c6c81675f671ba656a3-0-724x1024.png 724w, https:\/\/www.vs-waldthurn.de\/wp-content\/uploads\/2025\/07\/654eabaf2ec79c6c81675f671ba656a3-0-768x1086.png 768w, https:\/\/www.vs-waldthurn.de\/wp-content\/uploads\/2025\/07\/654eabaf2ec79c6c81675f671ba656a3-0-1086x1536.png 1086w, https:\/\/www.vs-waldthurn.de\/wp-content\/uploads\/2025\/07\/654eabaf2ec79c6c81675f671ba656a3-0-1448x2048.png 1448w, https:\/\/www.vs-waldthurn.de\/wp-content\/uploads\/2025\/07\/654eabaf2ec79c6c81675f671ba656a3-0-1024x1448.png 1024w, https:\/\/www.vs-waldthurn.de\/wp-content\/uploads\/2025\/07\/654eabaf2ec79c6c81675f671ba656a3-0-764x1080.png 764w, https:\/\/www.vs-waldthurn.de\/wp-content\/uploads\/2025\/07\/654eabaf2ec79c6c81675f671ba656a3-0.png 1654w\" sizes=\"auto, (max-width: 212px) 100vw, 212px\" \/><\/a>\n\t\t\t<\/dt><\/dl><dl class='gallery-item'>\n\t\t\t<dt class='gallery-icon portrait'>\n\t\t\t\t<a data-fancybox=\"mesmerize-gallery-2-group\" href='https:\/\/www.vs-waldthurn.de\/wp-content\/uploads\/2025\/07\/654eabaf2ec79c6c81675f671ba656a3-1.png'><img loading=\"lazy\" decoding=\"async\"  width=\"212\" height=\"300\" src=\"https:\/\/www.vs-waldthurn.de\/wp-content\/uploads\/2025\/07\/654eabaf2ec79c6c81675f671ba656a3-1-212x300.png\"  class='mesmerize-gallery-2-image' alt=\"\" srcset=\"https:\/\/www.vs-waldthurn.de\/wp-content\/uploads\/2025\/07\/654eabaf2ec79c6c81675f671ba656a3-1-212x300.png 212w, https:\/\/www.vs-waldthurn.de\/wp-content\/uploads\/2025\/07\/654eabaf2ec79c6c81675f671ba656a3-1-724x1024.png 724w, https:\/\/www.vs-waldthurn.de\/wp-content\/uploads\/2025\/07\/654eabaf2ec79c6c81675f671ba656a3-1-768x1086.png 768w, https:\/\/www.vs-waldthurn.de\/wp-content\/uploads\/2025\/07\/654eabaf2ec79c6c81675f671ba656a3-1-1086x1536.png 1086w, https:\/\/www.vs-waldthurn.de\/wp-content\/uploads\/2025\/07\/654eabaf2ec79c6c81675f671ba656a3-1-1448x2048.png 1448w, https:\/\/www.vs-waldthurn.de\/wp-content\/uploads\/2025\/07\/654eabaf2ec79c6c81675f671ba656a3-1-1024x1448.png 1024w, https:\/\/www.vs-waldthurn.de\/wp-content\/uploads\/2025\/07\/654eabaf2ec79c6c81675f671ba656a3-1-764x1080.png 764w, https:\/\/www.vs-waldthurn.de\/wp-content\/uploads\/2025\/07\/654eabaf2ec79c6c81675f671ba656a3-1.png 1654w\" sizes=\"auto, (max-width: 212px) 100vw, 212px\" \/><\/a>\n\t\t\t<\/dt><\/dl><dl class='gallery-item'>\n\t\t\t<dt class='gallery-icon portrait'>\n\t\t\t\t<a data-fancybox=\"mesmerize-gallery-2-group\" href='https:\/\/www.vs-waldthurn.de\/wp-content\/uploads\/2025\/07\/654eabaf2ec79c6c81675f671ba656a3-2.png'><img loading=\"lazy\" decoding=\"async\"  width=\"212\" height=\"300\" src=\"https:\/\/www.vs-waldthurn.de\/wp-content\/uploads\/2025\/07\/654eabaf2ec79c6c81675f671ba656a3-2-212x300.png\"  class='mesmerize-gallery-2-image' alt=\"\" srcset=\"https:\/\/www.vs-waldthurn.de\/wp-content\/uploads\/2025\/07\/654eabaf2ec79c6c81675f671ba656a3-2-212x300.png 212w, https:\/\/www.vs-waldthurn.de\/wp-content\/uploads\/2025\/07\/654eabaf2ec79c6c81675f671ba656a3-2-724x1024.png 724w, https:\/\/www.vs-waldthurn.de\/wp-content\/uploads\/2025\/07\/654eabaf2ec79c6c81675f671ba656a3-2-768x1086.png 768w, https:\/\/www.vs-waldthurn.de\/wp-content\/uploads\/2025\/07\/654eabaf2ec79c6c81675f671ba656a3-2-1086x1536.png 1086w, https:\/\/www.vs-waldthurn.de\/wp-content\/uploads\/2025\/07\/654eabaf2ec79c6c81675f671ba656a3-2-1448x2048.png 1448w, https:\/\/www.vs-waldthurn.de\/wp-content\/uploads\/2025\/07\/654eabaf2ec79c6c81675f671ba656a3-2-1024x1448.png 1024w, https:\/\/www.vs-waldthurn.de\/wp-content\/uploads\/2025\/07\/654eabaf2ec79c6c81675f671ba656a3-2-764x1080.png 764w, https:\/\/www.vs-waldthurn.de\/wp-content\/uploads\/2025\/07\/654eabaf2ec79c6c81675f671ba656a3-2.png 1654w\" sizes=\"auto, (max-width: 212px) 100vw, 212px\" \/><\/a>\n\t\t\t<\/dt><\/dl>\n\t\t<\/div>\n<script>(function($){window.MaterialisCaptionsGallery && window.MaterialisCaptionsGallery($('[data-unique-id=\"mesmerize-gallery-2-69f4633e6e01a\"]'))})(jQuery)<\/script><\/div><\/div><\/div> <\/div><\/div><div  data-label=\"Gallery\" data-id=\"gallery--2\" data-export-id=\"gallery-2\" data-category=\"gallery\" class=\"gallery-2 content-section content-section-spacing\" id=\"gallery-2\" style=\"background-color: rgb(245, 250, 253);\"><div  class=\"\"> <div  class=\"row\"><div  class=\"col-xs-12 full-no-padding\" data-editable=\"true\" data-content-shortcode=\"mesmerize_gallery id=&quot;mesmerize-gallery-2&quot; columns=&quot;4&quot; ids=&quot;1538,1539,1540,1541&quot; lb=&quot;1&quot; masonry=&quot;0&quot; size=&quot;medium&quot; link=&quot;file&quot; \"><div id='mesmerize-gallery-2' class='gallery-wrapper'><style type=\"text\/css\">\n                    @media only screen and (min-width: 768px) {\n                    [data-unique-id='mesmerize-gallery-2-69f4633e6e84a'] dl {\n                        float: left;\n                        width: 25% !important;\n                        max-width:  25% !important;\n                        min-width:  25% !important;\n                    }\n\n                    [data-unique-id='mesmerize-gallery-2-69f4633e6e84a'] dl:nth-of-type(4n +1 ) {\n                      clear: both;\n                      }\n                    }\n                <\/style><div id='mesmerize-gallery-2' class='mesmerize-gallery-2-dls-wrapper gallery-items-wrapper materialis-gallery' data-unique-id='mesmerize-gallery-2-69f4633e6e84a'><dl class='gallery-item'>\n\t\t\t<dt class='gallery-icon portrait'>\n\t\t\t\t<a data-fancybox=\"mesmerize-gallery-2-group\" href='https:\/\/www.vs-waldthurn.de\/wp-content\/uploads\/2025\/07\/Bergmodell-bauen-01.png'><img loading=\"lazy\" decoding=\"async\"  width=\"212\" height=\"300\" src=\"https:\/\/www.vs-waldthurn.de\/wp-content\/uploads\/2025\/07\/Bergmodell-bauen-01-212x300.png\"  class='mesmerize-gallery-2-image' alt=\"\" srcset=\"https:\/\/www.vs-waldthurn.de\/wp-content\/uploads\/2025\/07\/Bergmodell-bauen-01-212x300.png 212w, https:\/\/www.vs-waldthurn.de\/wp-content\/uploads\/2025\/07\/Bergmodell-bauen-01-724x1024.png 724w, https:\/\/www.vs-waldthurn.de\/wp-content\/uploads\/2025\/07\/Bergmodell-bauen-01-768x1086.png 768w, https:\/\/www.vs-waldthurn.de\/wp-content\/uploads\/2025\/07\/Bergmodell-bauen-01-1086x1536.png 1086w, https:\/\/www.vs-waldthurn.de\/wp-content\/uploads\/2025\/07\/Bergmodell-bauen-01-1448x2048.png 1448w, https:\/\/www.vs-waldthurn.de\/wp-content\/uploads\/2025\/07\/Bergmodell-bauen-01-1024x1448.png 1024w, https:\/\/www.vs-waldthurn.de\/wp-content\/uploads\/2025\/07\/Bergmodell-bauen-01-764x1080.png 764w, https:\/\/www.vs-waldthurn.de\/wp-content\/uploads\/2025\/07\/Bergmodell-bauen-01.png 1654w\" sizes=\"auto, (max-width: 212px) 100vw, 212px\" \/><\/a>\n\t\t\t<\/dt><\/dl><dl class='gallery-item'>\n\t\t\t<dt class='gallery-icon portrait'>\n\t\t\t\t<a data-fancybox=\"mesmerize-gallery-2-group\" href='https:\/\/www.vs-waldthurn.de\/wp-content\/uploads\/2025\/07\/Bergmodell-bauen-02.png'><img loading=\"lazy\" decoding=\"async\"  width=\"212\" height=\"300\" src=\"https:\/\/www.vs-waldthurn.de\/wp-content\/uploads\/2025\/07\/Bergmodell-bauen-02-212x300.png\"  class='mesmerize-gallery-2-image' alt=\"\" srcset=\"https:\/\/www.vs-waldthurn.de\/wp-content\/uploads\/2025\/07\/Bergmodell-bauen-02-212x300.png 212w, https:\/\/www.vs-waldthurn.de\/wp-content\/uploads\/2025\/07\/Bergmodell-bauen-02-724x1024.png 724w, https:\/\/www.vs-waldthurn.de\/wp-content\/uploads\/2025\/07\/Bergmodell-bauen-02-768x1086.png 768w, https:\/\/www.vs-waldthurn.de\/wp-content\/uploads\/2025\/07\/Bergmodell-bauen-02-1086x1536.png 1086w, https:\/\/www.vs-waldthurn.de\/wp-content\/uploads\/2025\/07\/Bergmodell-bauen-02-1448x2048.png 1448w, https:\/\/www.vs-waldthurn.de\/wp-content\/uploads\/2025\/07\/Bergmodell-bauen-02-1024x1448.png 1024w, https:\/\/www.vs-waldthurn.de\/wp-content\/uploads\/2025\/07\/Bergmodell-bauen-02-764x1080.png 764w, https:\/\/www.vs-waldthurn.de\/wp-content\/uploads\/2025\/07\/Bergmodell-bauen-02.png 1654w\" sizes=\"auto, (max-width: 212px) 100vw, 212px\" \/><\/a>\n\t\t\t<\/dt><\/dl><dl class='gallery-item'>\n\t\t\t<dt class='gallery-icon portrait'>\n\t\t\t\t<a data-fancybox=\"mesmerize-gallery-2-group\" href='https:\/\/www.vs-waldthurn.de\/wp-content\/uploads\/2025\/07\/JB-2024_-Mathe-Huerdenlauf.png'><img loading=\"lazy\" decoding=\"async\"  width=\"212\" height=\"300\" src=\"https:\/\/www.vs-waldthurn.de\/wp-content\/uploads\/2025\/07\/JB-2024_-Mathe-Huerdenlauf-212x300.png\"  class='mesmerize-gallery-2-image' alt=\"\" srcset=\"https:\/\/www.vs-waldthurn.de\/wp-content\/uploads\/2025\/07\/JB-2024_-Mathe-Huerdenlauf-212x300.png 212w, https:\/\/www.vs-waldthurn.de\/wp-content\/uploads\/2025\/07\/JB-2024_-Mathe-Huerdenlauf-724x1024.png 724w, https:\/\/www.vs-waldthurn.de\/wp-content\/uploads\/2025\/07\/JB-2024_-Mathe-Huerdenlauf-768x1086.png 768w, https:\/\/www.vs-waldthurn.de\/wp-content\/uploads\/2025\/07\/JB-2024_-Mathe-Huerdenlauf-1086x1536.png 1086w, https:\/\/www.vs-waldthurn.de\/wp-content\/uploads\/2025\/07\/JB-2024_-Mathe-Huerdenlauf-1448x2048.png 1448w, https:\/\/www.vs-waldthurn.de\/wp-content\/uploads\/2025\/07\/JB-2024_-Mathe-Huerdenlauf-1024x1448.png 1024w, https:\/\/www.vs-waldthurn.de\/wp-content\/uploads\/2025\/07\/JB-2024_-Mathe-Huerdenlauf-764x1080.png 764w, https:\/\/www.vs-waldthurn.de\/wp-content\/uploads\/2025\/07\/JB-2024_-Mathe-Huerdenlauf.png 1654w\" sizes=\"auto, (max-width: 212px) 100vw, 212px\" \/><\/a>\n\t\t\t<\/dt><\/dl><dl class='gallery-item'>\n\t\t\t<dt class='gallery-icon portrait'>\n\t\t\t\t<a data-fancybox=\"mesmerize-gallery-2-group\" href='https:\/\/www.vs-waldthurn.de\/wp-content\/uploads\/2025\/07\/JB-2025_-Emphathie-und-Zuneigung-_5_25_.png'><img loading=\"lazy\" decoding=\"async\"  width=\"212\" height=\"300\" src=\"https:\/\/www.vs-waldthurn.de\/wp-content\/uploads\/2025\/07\/JB-2025_-Emphathie-und-Zuneigung-_5_25_-212x300.png\"  class='mesmerize-gallery-2-image' alt=\"\" srcset=\"https:\/\/www.vs-waldthurn.de\/wp-content\/uploads\/2025\/07\/JB-2025_-Emphathie-und-Zuneigung-_5_25_-212x300.png 212w, https:\/\/www.vs-waldthurn.de\/wp-content\/uploads\/2025\/07\/JB-2025_-Emphathie-und-Zuneigung-_5_25_-724x1024.png 724w, https:\/\/www.vs-waldthurn.de\/wp-content\/uploads\/2025\/07\/JB-2025_-Emphathie-und-Zuneigung-_5_25_-768x1086.png 768w, https:\/\/www.vs-waldthurn.de\/wp-content\/uploads\/2025\/07\/JB-2025_-Emphathie-und-Zuneigung-_5_25_-1086x1536.png 1086w, https:\/\/www.vs-waldthurn.de\/wp-content\/uploads\/2025\/07\/JB-2025_-Emphathie-und-Zuneigung-_5_25_-1448x2048.png 1448w, https:\/\/www.vs-waldthurn.de\/wp-content\/uploads\/2025\/07\/JB-2025_-Emphathie-und-Zuneigung-_5_25_-1024x1448.png 1024w, https:\/\/www.vs-waldthurn.de\/wp-content\/uploads\/2025\/07\/JB-2025_-Emphathie-und-Zuneigung-_5_25_-764x1080.png 764w, https:\/\/www.vs-waldthurn.de\/wp-content\/uploads\/2025\/07\/JB-2025_-Emphathie-und-Zuneigung-_5_25_.png 1654w\" sizes=\"auto, (max-width: 212px) 100vw, 212px\" \/><\/a>\n\t\t\t<\/dt><\/dl>\n\t\t<\/div>\n<script>(function($){window.MaterialisCaptionsGallery && window.MaterialisCaptionsGallery($('[data-unique-id=\"mesmerize-gallery-2-69f4633e6e84a\"]'))})(jQuery)<\/script><\/div><\/div><\/div> <\/div><\/div><div  data-label=\"Gallery\" data-id=\"gallery--1\" data-export-id=\"gallery-2\" data-category=\"gallery\" class=\"gallery-2 content-section content-section-spacing\" id=\"gallery-1\" style=\"background-color: rgb(245, 250, 253);\"><div  class=\"\"> <div  class=\"row\"><div  class=\"col-xs-12 full-no-padding\" data-editable=\"true\" data-content-shortcode=\"mesmerize_gallery id=&quot;mesmerize-gallery-2&quot; columns=&quot;4&quot; ids=&quot;1533,1534,1535,1536&quot; lb=&quot;1&quot; masonry=&quot;0&quot; size=&quot;medium&quot; link=&quot;file&quot; \"><div id='mesmerize-gallery-2' class='gallery-wrapper'><style type=\"text\/css\">\n                    @media only screen and (min-width: 768px) {\n                    [data-unique-id='mesmerize-gallery-2-69f4633e6f3b1'] dl {\n                        float: left;\n                        width: 25% !important;\n                        max-width:  25% !important;\n                        min-width:  25% !important;\n                    }\n\n                    [data-unique-id='mesmerize-gallery-2-69f4633e6f3b1'] dl:nth-of-type(4n +1 ) {\n                      clear: both;\n                      }\n                    }\n                <\/style><div id='mesmerize-gallery-2' class='mesmerize-gallery-2-dls-wrapper gallery-items-wrapper materialis-gallery' data-unique-id='mesmerize-gallery-2-69f4633e6f3b1'><dl class='gallery-item'>\n\t\t\t<dt class='gallery-icon portrait'>\n\t\t\t\t<a data-fancybox=\"mesmerize-gallery-2-group\" href='https:\/\/www.vs-waldthurn.de\/wp-content\/uploads\/2025\/07\/506ee8e27a4d14ee037e9ca8f2c6609a-0.png'><img loading=\"lazy\" decoding=\"async\"  width=\"212\" height=\"300\" src=\"https:\/\/www.vs-waldthurn.de\/wp-content\/uploads\/2025\/07\/506ee8e27a4d14ee037e9ca8f2c6609a-0-212x300.png\"  class='mesmerize-gallery-2-image' alt=\"\" srcset=\"https:\/\/www.vs-waldthurn.de\/wp-content\/uploads\/2025\/07\/506ee8e27a4d14ee037e9ca8f2c6609a-0-212x300.png 212w, https:\/\/www.vs-waldthurn.de\/wp-content\/uploads\/2025\/07\/506ee8e27a4d14ee037e9ca8f2c6609a-0-724x1024.png 724w, https:\/\/www.vs-waldthurn.de\/wp-content\/uploads\/2025\/07\/506ee8e27a4d14ee037e9ca8f2c6609a-0-768x1086.png 768w, https:\/\/www.vs-waldthurn.de\/wp-content\/uploads\/2025\/07\/506ee8e27a4d14ee037e9ca8f2c6609a-0-1086x1536.png 1086w, https:\/\/www.vs-waldthurn.de\/wp-content\/uploads\/2025\/07\/506ee8e27a4d14ee037e9ca8f2c6609a-0-1448x2048.png 1448w, https:\/\/www.vs-waldthurn.de\/wp-content\/uploads\/2025\/07\/506ee8e27a4d14ee037e9ca8f2c6609a-0-1024x1448.png 1024w, https:\/\/www.vs-waldthurn.de\/wp-content\/uploads\/2025\/07\/506ee8e27a4d14ee037e9ca8f2c6609a-0-764x1080.png 764w, https:\/\/www.vs-waldthurn.de\/wp-content\/uploads\/2025\/07\/506ee8e27a4d14ee037e9ca8f2c6609a-0.png 1654w\" sizes=\"auto, (max-width: 212px) 100vw, 212px\" \/><\/a>\n\t\t\t<\/dt><\/dl><dl class='gallery-item'>\n\t\t\t<dt class='gallery-icon portrait'>\n\t\t\t\t<a data-fancybox=\"mesmerize-gallery-2-group\" href='https:\/\/www.vs-waldthurn.de\/wp-content\/uploads\/2025\/07\/506ee8e27a4d14ee037e9ca8f2c6609a-1.png'><img loading=\"lazy\" decoding=\"async\"  width=\"212\" height=\"300\" src=\"https:\/\/www.vs-waldthurn.de\/wp-content\/uploads\/2025\/07\/506ee8e27a4d14ee037e9ca8f2c6609a-1-212x300.png\"  class='mesmerize-gallery-2-image' alt=\"\" srcset=\"https:\/\/www.vs-waldthurn.de\/wp-content\/uploads\/2025\/07\/506ee8e27a4d14ee037e9ca8f2c6609a-1-212x300.png 212w, https:\/\/www.vs-waldthurn.de\/wp-content\/uploads\/2025\/07\/506ee8e27a4d14ee037e9ca8f2c6609a-1-724x1024.png 724w, https:\/\/www.vs-waldthurn.de\/wp-content\/uploads\/2025\/07\/506ee8e27a4d14ee037e9ca8f2c6609a-1-768x1086.png 768w, https:\/\/www.vs-waldthurn.de\/wp-content\/uploads\/2025\/07\/506ee8e27a4d14ee037e9ca8f2c6609a-1-1086x1536.png 1086w, https:\/\/www.vs-waldthurn.de\/wp-content\/uploads\/2025\/07\/506ee8e27a4d14ee037e9ca8f2c6609a-1-1448x2048.png 1448w, https:\/\/www.vs-waldthurn.de\/wp-content\/uploads\/2025\/07\/506ee8e27a4d14ee037e9ca8f2c6609a-1-1024x1448.png 1024w, https:\/\/www.vs-waldthurn.de\/wp-content\/uploads\/2025\/07\/506ee8e27a4d14ee037e9ca8f2c6609a-1-764x1080.png 764w, https:\/\/www.vs-waldthurn.de\/wp-content\/uploads\/2025\/07\/506ee8e27a4d14ee037e9ca8f2c6609a-1.png 1654w\" sizes=\"auto, (max-width: 212px) 100vw, 212px\" \/><\/a>\n\t\t\t<\/dt><\/dl><dl class='gallery-item'>\n\t\t\t<dt class='gallery-icon portrait'>\n\t\t\t\t<a data-fancybox=\"mesmerize-gallery-2-group\" href='https:\/\/www.vs-waldthurn.de\/wp-content\/uploads\/2025\/07\/JB-2025_-Feuerwehrbericht_-Klasse-3.png'><img loading=\"lazy\" decoding=\"async\"  width=\"212\" height=\"300\" src=\"https:\/\/www.vs-waldthurn.de\/wp-content\/uploads\/2025\/07\/JB-2025_-Feuerwehrbericht_-Klasse-3-212x300.png\"  class='mesmerize-gallery-2-image' alt=\"\" srcset=\"https:\/\/www.vs-waldthurn.de\/wp-content\/uploads\/2025\/07\/JB-2025_-Feuerwehrbericht_-Klasse-3-212x300.png 212w, https:\/\/www.vs-waldthurn.de\/wp-content\/uploads\/2025\/07\/JB-2025_-Feuerwehrbericht_-Klasse-3-724x1024.png 724w, https:\/\/www.vs-waldthurn.de\/wp-content\/uploads\/2025\/07\/JB-2025_-Feuerwehrbericht_-Klasse-3-768x1086.png 768w, https:\/\/www.vs-waldthurn.de\/wp-content\/uploads\/2025\/07\/JB-2025_-Feuerwehrbericht_-Klasse-3-1086x1536.png 1086w, https:\/\/www.vs-waldthurn.de\/wp-content\/uploads\/2025\/07\/JB-2025_-Feuerwehrbericht_-Klasse-3-1448x2048.png 1448w, https:\/\/www.vs-waldthurn.de\/wp-content\/uploads\/2025\/07\/JB-2025_-Feuerwehrbericht_-Klasse-3-1024x1448.png 1024w, https:\/\/www.vs-waldthurn.de\/wp-content\/uploads\/2025\/07\/JB-2025_-Feuerwehrbericht_-Klasse-3-764x1080.png 764w, https:\/\/www.vs-waldthurn.de\/wp-content\/uploads\/2025\/07\/JB-2025_-Feuerwehrbericht_-Klasse-3.png 1654w\" sizes=\"auto, (max-width: 212px) 100vw, 212px\" \/><\/a>\n\t\t\t<\/dt><\/dl><dl class='gallery-item'>\n\t\t\t<dt class='gallery-icon portrait'>\n\t\t\t\t<a data-fancybox=\"mesmerize-gallery-2-group\" href='https:\/\/www.vs-waldthurn.de\/wp-content\/uploads\/2025\/07\/Jb-2025_-Jugendverkehrsschule_-10_24.png'><img loading=\"lazy\" decoding=\"async\"  width=\"212\" height=\"300\" src=\"https:\/\/www.vs-waldthurn.de\/wp-content\/uploads\/2025\/07\/Jb-2025_-Jugendverkehrsschule_-10_24-212x300.png\"  class='mesmerize-gallery-2-image' alt=\"\" srcset=\"https:\/\/www.vs-waldthurn.de\/wp-content\/uploads\/2025\/07\/Jb-2025_-Jugendverkehrsschule_-10_24-212x300.png 212w, https:\/\/www.vs-waldthurn.de\/wp-content\/uploads\/2025\/07\/Jb-2025_-Jugendverkehrsschule_-10_24-724x1024.png 724w, https:\/\/www.vs-waldthurn.de\/wp-content\/uploads\/2025\/07\/Jb-2025_-Jugendverkehrsschule_-10_24-768x1086.png 768w, https:\/\/www.vs-waldthurn.de\/wp-content\/uploads\/2025\/07\/Jb-2025_-Jugendverkehrsschule_-10_24-1086x1536.png 1086w, https:\/\/www.vs-waldthurn.de\/wp-content\/uploads\/2025\/07\/Jb-2025_-Jugendverkehrsschule_-10_24-1448x2048.png 1448w, https:\/\/www.vs-waldthurn.de\/wp-content\/uploads\/2025\/07\/Jb-2025_-Jugendverkehrsschule_-10_24-1024x1448.png 1024w, https:\/\/www.vs-waldthurn.de\/wp-content\/uploads\/2025\/07\/Jb-2025_-Jugendverkehrsschule_-10_24-764x1080.png 764w, https:\/\/www.vs-waldthurn.de\/wp-content\/uploads\/2025\/07\/Jb-2025_-Jugendverkehrsschule_-10_24.png 1654w\" sizes=\"auto, (max-width: 212px) 100vw, 212px\" \/><\/a>\n\t\t\t<\/dt><\/dl>\n\t\t<\/div>\n<script>(function($){window.MaterialisCaptionsGallery && window.MaterialisCaptionsGallery($('[data-unique-id=\"mesmerize-gallery-2-69f4633e6f3b1\"]'))})(jQuery)<\/script><\/div><\/div><\/div> <\/div><\/div><div  data-label=\"Overlappable\" data-id=\"overlappable--1\" data-export-id=\"overlappable-3\" data-category=\"overlappable\" class=\"overlappable-3 content-section content-section-spacing\" data-overlap=\"true\" id=\"overlappable-1\" style=\"background-color: rgb(255, 255, 255);\"><div  class=\"gridContainer\"> <div  class=\"row bg-color-white shadow-medium\"><div  class=\"col-xs-12 col-sm-6 image-col first-image-col\" data-bg=\"image\" style=\"background-image: url(&quot;https:\/\/www.vs-waldthurn.de\/wp-content\/uploads\/2024\/12\/cropped-IMG_4821.jpeg&quot;);\"><\/div> <div  class=\"col-xs-12 col-sm-6 content-col col-padding col-padding-xs\"> <div  class=\"col-padding\" data-type=\"column\"> <h4  class=\"\" data-lt-tmp-id=\"lt-22709\" data-gramm=\"false\"><span  style=\"font-weight: 600;\">Besuch der 4. Klasse im Rathaus Waldthurn<\/span><\/h4> <p  class=\"\" data-lt-tmp-id=\"lt-408972\" data-gramm=\"false\">Im HSU-Unterricht besch\u00e4ftigt sich die 4. Klasse der Grundschule Waldthurn gerade mit dem Thema \u201eGemeinde\u201c und da durfte nat\u00fcrlich der obligatorische Besuch im Rathaus nicht fehlen.\n<br ><br ><br >\nDie 17 Sch\u00fclerinnen und Sch\u00fcler der 4. Klasse und ihre HSU-Lehrerin Ramona Wurm wurden vom B\u00fcrgermeister Josef Beimler pers\u00f6nlich empfangen und begr\u00fc\u00dft. Danach erhielten sie eine aufschlussreiche F\u00fchrung durch das Rathaus, bei der die Mitarbeiterinnen und Mitarbeiter ihnen geduldig alles zeigten und erkl\u00e4rten. Auch Fragen waren stets willkommen und wurden ausf\u00fchrlich beantwortet. Besonders der Tresor in der Marktkasse sorgte f\u00fcr Aufsehen bei den Kindern.<\/p> <\/div> <\/div><\/div> <div  class=\"row bg-color-white shadow-medium\"><div  class=\"col-xs-12 col-sm-6 content-col col-padding col-padding-xs\"> <div  class=\"col-padding\" data-type=\"column\"> <p  class=\"\" data-lt-tmp-id=\"lt-508407\" data-gramm=\"false\">Danach durften alle noch im Sitzungssaal Platz nehmen und Herr Beimler zeigte, was die Marktgemeinde Waldthurn ausmacht und welche Projekte in den letzten Jahren durchgef\u00fchrt wurden. Auch er nahm sich viel Zeit f\u00fcr alle Fragen der Kinder. Zum Beispiel wurde nach dem j\u00fcngsten B\u00fcrgermeister von Waldthurn gefragt, wer am l\u00e4ngsten B\u00fcrgermeister war und wie oft man eigentlich B\u00fcrgermeister werden darf.\n<br ><br ><br >\nSo viel Denkleistung kostet nat\u00fcrlich Energie und so freuten sich die Kinder sehr, als sie am Ende noch in den S\u00fc\u00dfigkeitenkorb greifen durften.<\/p> <img  decoding=\"async\" class=\"custom-image\" src=\"https:\/\/www.vs-waldthurn.de\/wp-content\/uploads\/2024\/12\/cropped-IMG_4819.jpeg\" title=\"cropped-IMG_4819.jpeg\" alt=\"\"><\/div> <\/div> <div  class=\"col-xs-12 col-sm-6 image-col second-image-col first-xs last-sm\" data-bg=\"image\" style=\"background-image: url(&quot;https:\/\/www.vs-waldthurn.de\/wp-content\/uploads\/2024\/12\/cropped-IMG_4820.jpeg&quot;);\"><\/div> <\/div><\/div> <\/div>","protected":false},"excerpt":{"rendered":"<p>Schuleinschreibung GS Waldthurn Skifahren 2026 Skifahren f\u00fcr eine Woche im Januar 2026, Alpin und Langlauf wurde angeboten bei herrlichem Wetter. Vertretungsstunde Vertretungsstunde in der Klasse 1 w\u00e4hren der Skifahrwoche in den Klassen 3 und 4. Generationen trafen zusammen am 19.12.2025, am letzten Schultag vor Weihnachten bei Gratus Manus, der Tagespflege in Waldthurn. Die Schulkinder aller&hellip; <br \/> <a class=\"read-more\" href=\"https:\/\/www.vs-waldthurn.de\/home\/aktuelles\">Read more<\/a><\/p>\n","protected":false},"author":1,"featured_media":0,"parent":0,"menu_order":0,"comment_status":"closed","ping_status":"closed","template":"pro\/page-templates\/full-width-page.php","meta":{"footnotes":""},"class_list":["post-24","page","type-page","status-publish","hentry"],"_links":{"self":[{"href":"https:\/\/www.vs-waldthurn.de\/home\/wp-json\/wp\/v2\/pages\/24","targetHints":{"allow":["GET"]}}],"collection":[{"href":"https:\/\/www.vs-waldthurn.de\/home\/wp-json\/wp\/v2\/pages"}],"about":[{"href":"https:\/\/www.vs-waldthurn.de\/home\/wp-json\/wp\/v2\/types\/page"}],"author":[{"embeddable":true,"href":"https:\/\/www.vs-waldthurn.de\/home\/wp-json\/wp\/v2\/users\/1"}],"replies":[{"embeddable":true,"href":"https:\/\/www.vs-waldthurn.de\/home\/wp-json\/wp\/v2\/comments?post=24"}],"version-history":[{"count":27,"href":"https:\/\/www.vs-waldthurn.de\/home\/wp-json\/wp\/v2\/pages\/24\/revisions"}],"predecessor-version":[{"id":1736,"href":"https:\/\/www.vs-waldthurn.de\/home\/wp-json\/wp\/v2\/pages\/24\/revisions\/1736"}],"wp:attachment":[{"href":"https:\/\/www.vs-waldthurn.de\/home\/wp-json\/wp\/v2\/media?parent=24"}],"curies":[{"name":"wp","href":"https:\/\/api.w.org\/{rel}","templated":true}]}}